{"id":10883,"date":"2020-03-17T16:37:25","date_gmt":"2020-03-17T19:37:25","guid":{"rendered":"https:\/\/maderamen.com.ar\/todo-madera\/?post_type=producto&#038;p=10883"},"modified":"2026-03-24T21:40:02","modified_gmt":"2026-03-25T00:40:02","slug":"dommarco-hnos-maderas-nacionales","status":"publish","type":"producto","link":"https:\/\/maderamen.com.ar\/todo-madera\/productos\/dommarco-hnos-maderas-nacionales\/","title":{"rendered":"Dommarco Hnos. &#8211; Maderas Nacionales"},"content":{"rendered":"\n<div class=\"wp-block-columns is-layout-flex wp-container-core-columns-is-layout-9d6595d7 wp-block-columns-is-layout-flex\">\n<div class=\"wp-block-column is-layout-flow wp-block-column-is-layout-flow\" style=\"flex-basis:66.66%\">\n<div class=\"wp-block-gutena-tabs gutena-tabs-block gutena-tabs-block-3e044c-67\"><ul class=\"gutena-tabs-tab tab-flex\"><li class=\"gutena-tab-title active\" data-tab=\"1\"><div class=\"gutena-tab-title-content icon-top\"><div class=\"gutena-tab-title-text\"><div>Descripci\u00f3n<\/div><\/div><\/div><\/li><li class=\"gutena-tab-title inactive\" data-tab=\"2\"><div class=\"gutena-tab-title-content icon-top\"><div class=\"gutena-tab-title-text\"><div>Comercializaci\u00f3n<\/div><\/div><\/div><\/li><\/ul><div class=\"gutena-tabs-content is-layout-flow wp-block-gutena-tabs-is-layout-flow\">\n<div class=\"wp-block-gutena-tab gutena-tab-block gutena-tab-block-08fffb-5b active\" data-tab=\"1\">\n<h4 class=\"wp-block-heading\"><strong>Alamo<\/strong><\/h4>\n\n\n\n<p>El \u00ab\u00c1lamo\u00bb, de nombre cient\u00edfico \u00abPopulus\u00bb, es una madera de color semi-blanca, de grano derecho, liviana y blanda. Ideal para usos de carpinter\u00eda y embalajes.<br>A pesar de ser una madera de bajo rendimiento, es \u00fatil para este tipo de trabajos ya que su crecimiento en la etapa de cultivaci\u00f3n es muy r\u00e1pido. Su densidad ronda entre los 340 y los 380 kgs\/m3.<\/p>\n\n\n\n<h4 class=\"wp-block-heading\"><strong>Anchico<\/strong><\/h4>\n\n\n\n<p>El \u00abAnchico\u00bb, \u00f3 \u00abParapiptadenia Macrocarpa\u00bb, es una madera dura, pesada y resistente. Dif\u00edcil de trabajar por tener grano entrecruzado.<br>Tiene diversos usos, desde carpinter\u00eda y cenefas hasta maderas aserradas, pisos y decks.<br>Resiste muy bien a la intemperie y la humedad, con una densidad aproximada entre 900 a 900 kgs\/m3. Inmune a los insectos.<\/p>\n\n\n\n<h4 class=\"wp-block-heading\"><strong>Grapia<\/strong><\/h4>\n\n\n\n<p>La \u00abGrapia\u00bb, cient\u00edficamente \u00abApuleia Leiocarpa\u00bb, tiene un color amarillo ocre.<br>Dura y pesada, presenta textura fina, delicada y homog\u00e9nea, con grano oblicuo y dise\u00f1o liso.Densidad aparente entre 780 y 820 kgs\/m3.<\/p>\n\n\n\n<h4 class=\"wp-block-heading\"><strong>Guayubira<\/strong><\/h4>\n\n\n\n<p>La \u00abGuayubira\u00bb, originaria del \u00abPatagonula Americana\u00bb, es una madera de color gris\u00e1cea mezclada con verde oscuro veteado en el centro del tronco.<br>Madera dura y pesada. Textura fina y homog\u00e9nea por la poca demarcaci\u00f3n de los anillos de crecimiento. Densidad aprox.: 800 kgs\/m3.<\/p>\n\n\n\n<h4 class=\"wp-block-heading\"><strong>Kiri<\/strong><\/h4>\n\n\n\n<p>El \u00abKiri\u00bb, conocido tambi\u00e9n como \u00abPaulownia\u00bb es una madera muy clara y de grano fino, muy f\u00e1cil de trabajar.<br>El sistema de cultivo hace que se produzcan troncos rectos y sin nudos, lo que aporta madera de primera calidad. Asimismo, estos fustes rectos, unido a la propia caracter\u00edstica de la madera, hace que no se curven ni alabeen las tablas tras el aserrado.<br>Tiene una densidad aproximada entre 250 y 290 kgs\/m3. Es impermeable e imputrescible.<\/p>\n\n\n\n<h4 class=\"wp-block-heading\"><strong>Lenga<\/strong><\/h4>\n\n\n\n<p>La \u00abLenga\u00bb es una madera moderadamente pesada, semidura, y resistente. Tiene un color blanco-amarillento, levemente rosado en algunos casos. Posee textura fina y grano derecho. Aplicable para construcciones, muebles, parquets, pisos, carpinter\u00eda de obra, carpinter\u00eda naval.Su densidad es de aproximadamente 940 kgs\/m3 si est\u00e1 verde, y alrededor de los 530 kgs\/m3 cuando est\u00e1 seca.<\/p>\n\n\n\n<h4 class=\"wp-block-heading\"><strong>Pino Elliottis<\/strong><\/h4>\n\n\n\n<p>El \u00abPino Elliottis\u00bb es una madera blanda y liviana, de nudos oscuros, con veteado pronunciado.<br>De textura fina, homog\u00e9nea y color blanco amarillento. Con buenas condiciones de estabilidad dimensional, se comporta normalmente en los procesos de estacionamiento y secado.<br>Tiene una densidad que var\u00eda entre los 480 y 510 kgs\/m3. Es una clase que se deja secar, cortar, aserrar, cepillar e impregnar sin ninguna dificultad.<\/p>\n\n\n\n<h4 class=\"wp-block-heading\"><strong>Pino Paran\u00e1<\/strong><\/h4>\n\n\n\n<p>La \u00abAraucaria\u00bb es el nombre originario del \u00abPino Paran\u00e1\u00bb. Es una madera amarilla torn\u00e1ndose blanca cremosa.<br>Textura muy fina, suavemente heterog\u00e9nea, y grano recto. Adem\u00e1s, se la trabaja f\u00e1cilmente.<br>Su densidad oscilante entre 500 y 530 kgs\/m3 atribuye a su caracter\u00edstica de ser blanda y liviana.<\/p>\n\n\n\n<h4 class=\"wp-block-heading\"><strong>Saligna<\/strong><\/h4>\n\n\n\n<p>La \u00abSaligna\u00bb \u2013 \u00abEucalyptus\u00bb \u2013 es una madera blanda y liviana, pero poco penetrable.<br>De color blanco crema, torn\u00e1ndose rozado, posee un veteado suave, una textura mediana y un grano derecho a entrelazado. Se asierra f\u00e1cilmente, y es muy utilizado para los encofrados.<br>No es muy durable en contacto con la tierra, pero s\u00ed a la intemperie. Densidad aprox.: 560 kgs\/m3.<\/p>\n\n\n\n<p style=\"margin-top:0;margin-bottom:0\"><a href=\"http:\/\/www.dommarco.com.ar\/\" target=\"_blank\" rel=\"noreferrer noopener\"><strong>Mas Informaci\u00f3n<\/strong><\/a><\/p>\n<\/div>\n\n\n\n<div class=\"wp-block-gutena-tab gutena-tab-block gutena-tab-block-bf6ad3-20 inactive\" data-tab=\"2\">\n<h4 class=\"wp-block-heading\"><strong>Nuestra estructura<\/strong><\/h4>\n\n\n\n<p>Nos encontramos ubicados en la provincia de Buenos Aires, dentro del partido de La Matanza, San Justo\/Villa Luzuriaga.<\/p>\n\n\n\n<p style=\"margin-top:0;margin-bottom:0\">Contamos con 2 dep\u00f3sitos cubiertos en los cuales a partir de ah\u00ed se distribuye con nuestra flota propia a todos nuestros clientes.&nbsp; All\u00ed tambi\u00e9n se&nbsp;localizan nuestras oficinas de atenci\u00f3n y ventas en la misma f\u00e1brica y deposito sumando una superficie total de&nbsp;15.000m2.re&#8230;<\/p>\n<\/div>\n<\/div><\/div>\n<\/div>\n\n\n\n<div class=\"wp-block-column is-layout-flow wp-block-column-is-layout-flow\" style=\"flex-basis:33.33%\"><div class=\"wp-block-image\">\n<figure class=\"aligncenter size-full\"><a href=\"https:\/\/maderamen.com.ar\/todo-madera\/wp-content\/uploads\/sites\/3\/2020\/03\/alamo.jpg\" target=\"_blank\" rel=\" noreferrer noopener\"><img loading=\"lazy\" decoding=\"async\" width=\"225\" height=\"225\" src=\"https:\/\/maderamen.com.ar\/todo-madera\/wp-content\/uploads\/sites\/3\/2020\/03\/alamo.jpg\" alt=\"Dommarco maderas nacionales\" class=\"wp-image-10885\"\/><\/a><figcaption class=\"wp-element-caption\">Alamo<\/figcaption><\/figure>\n<\/div>\n\n<div class=\"wp-block-image\">\n<figure class=\"aligncenter size-full is-resized\"><a href=\"https:\/\/maderamen.com.ar\/todo-madera\/wp-content\/uploads\/sites\/3\/2020\/03\/anchico.jpg\" target=\"_blank\" rel=\" noreferrer noopener\"><img loading=\"lazy\" decoding=\"async\" width=\"166\" height=\"122\" src=\"https:\/\/maderamen.com.ar\/todo-madera\/wp-content\/uploads\/sites\/3\/2020\/03\/anchico.jpg\" alt=\"Dommarco maderas nacionales\" class=\"wp-image-10887\" style=\"width:230px;height:auto\"\/><\/a><figcaption class=\"wp-element-caption\">Anchico<\/figcaption><\/figure>\n<\/div>\n\n<div class=\"wp-block-image\">\n<figure class=\"aligncenter size-full is-resized\"><a href=\"https:\/\/maderamen.com.ar\/todo-madera\/wp-content\/uploads\/sites\/3\/2020\/03\/grapia.jpg\" target=\"_blank\" rel=\" noreferrer noopener\"><img loading=\"lazy\" decoding=\"async\" width=\"224\" height=\"99\" src=\"https:\/\/maderamen.com.ar\/todo-madera\/wp-content\/uploads\/sites\/3\/2020\/03\/grapia.jpg\" alt=\"Dommarco maderas nacionales\" class=\"wp-image-10888\" style=\"aspect-ratio:2.2628254506239407;width:230px;height:auto\"\/><\/a><figcaption class=\"wp-element-caption\">Grapia<\/figcaption><\/figure>\n<\/div>\n\n<div class=\"wp-block-image\">\n<figure class=\"aligncenter size-full is-resized\"><a href=\"https:\/\/maderamen.com.ar\/todo-madera\/wp-content\/uploads\/sites\/3\/2020\/03\/guayubira.jpg\" target=\"_blank\" rel=\" noreferrer noopener\"><img loading=\"lazy\" decoding=\"async\" width=\"144\" height=\"116\" src=\"https:\/\/maderamen.com.ar\/todo-madera\/wp-content\/uploads\/sites\/3\/2020\/03\/guayubira.jpg\" alt=\"Dommarco maderas nacionales\" class=\"wp-image-10889\" style=\"aspect-ratio:2.2628254506239407;width:230px;height:auto\"\/><\/a><figcaption class=\"wp-element-caption\">Guayubira<\/figcaption><\/figure>\n<\/div>\n\n<div class=\"wp-block-image\">\n<figure class=\"aligncenter size-full\"><a href=\"https:\/\/maderamen.com.ar\/todo-madera\/wp-content\/uploads\/sites\/3\/2020\/03\/kiri.jpg\" target=\"_blank\" rel=\" noreferrer noopener\"><img loading=\"lazy\" decoding=\"async\" width=\"244\" height=\"152\" src=\"https:\/\/maderamen.com.ar\/todo-madera\/wp-content\/uploads\/sites\/3\/2020\/03\/kiri.jpg\" alt=\"Dommarco maderas nacionales\" class=\"wp-image-10890\" style=\"aspect-ratio:2.2628254506239407\"\/><\/a><figcaption class=\"wp-element-caption\">Kiri<\/figcaption><\/figure>\n<\/div>\n\n<div class=\"wp-block-image\">\n<figure class=\"aligncenter size-full\"><a href=\"https:\/\/maderamen.com.ar\/todo-madera\/wp-content\/uploads\/sites\/3\/2020\/03\/lenga.jpg\" target=\"_blank\" rel=\" noreferrer noopener\"><img loading=\"lazy\" decoding=\"async\" width=\"256\" height=\"125\" src=\"https:\/\/maderamen.com.ar\/todo-madera\/wp-content\/uploads\/sites\/3\/2020\/03\/lenga.jpg\" alt=\"Dommarco maderas nacionales\" class=\"wp-image-10891\" style=\"aspect-ratio:2.2628254506239407\"\/><\/a><figcaption class=\"wp-element-caption\">Lenga<\/figcaption><\/figure>\n<\/div>\n\n<div class=\"wp-block-image\">\n<figure class=\"aligncenter size-full is-resized\"><a href=\"https:\/\/maderamen.com.ar\/todo-madera\/wp-content\/uploads\/sites\/3\/2020\/03\/pino-elliottis.jpg\" target=\"_blank\" rel=\" noreferrer noopener\"><img loading=\"lazy\" decoding=\"async\" width=\"318\" height=\"159\" src=\"https:\/\/maderamen.com.ar\/todo-madera\/wp-content\/uploads\/sites\/3\/2020\/03\/pino-elliottis.jpg\" alt=\"Dommarco maderas nacionales\" class=\"wp-image-10892\" style=\"aspect-ratio:2.2628254506239407;width:218px;height:auto\"\/><\/a><figcaption class=\"wp-element-caption\">Pino Elliottis<\/figcaption><\/figure>\n<\/div>\n\n<div class=\"wp-block-image\">\n<figure class=\"aligncenter size-full is-resized\"><a href=\"https:\/\/maderamen.com.ar\/todo-madera\/wp-content\/uploads\/sites\/3\/2020\/03\/pino-parana.jpg\" target=\"_blank\" rel=\" noreferrer noopener\"><img loading=\"lazy\" decoding=\"async\" width=\"224\" height=\"151\" src=\"https:\/\/maderamen.com.ar\/todo-madera\/wp-content\/uploads\/sites\/3\/2020\/03\/pino-parana.jpg\" alt=\"Dommarco maderas nacionales\" class=\"wp-image-10893\" style=\"aspect-ratio:2.2628254506239407;width:230px;height:auto\"\/><\/a><figcaption class=\"wp-element-caption\">Pino Paran\u00e1<\/figcaption><\/figure>\n<\/div>\n\n<div class=\"wp-block-image\">\n<figure class=\"aligncenter size-full is-resized\"><a href=\"https:\/\/maderamen.com.ar\/todo-madera\/wp-content\/uploads\/sites\/3\/2020\/03\/saligna.jpg\" target=\"_blank\" rel=\" noreferrer noopener\"><img loading=\"lazy\" decoding=\"async\" width=\"319\" height=\"158\" src=\"https:\/\/maderamen.com.ar\/todo-madera\/wp-content\/uploads\/sites\/3\/2020\/03\/saligna.jpg\" alt=\"Dommarco maderas nacionales\" class=\"wp-image-10894\" style=\"aspect-ratio:2.2628254506239407;width:230px;height:auto\"\/><\/a><figcaption class=\"wp-element-caption\">Saligna<\/figcaption><\/figure>\n<\/div><\/div>\n<\/div>\n","protected":false},"excerpt":{"rendered":"","protected":false},"featured_media":10884,"template":"","meta":{"footnotes":""},"rubros":[19],"class_list":{"0":"post-10883","1":"producto","2":"type-producto","3":"status-publish","4":"has-post-thumbnail","6":"rubros-maderas"},"yoast_head":"<!-- This site is optimized with the Yoast SEO plugin v27.4 - https:\/\/yoast.com\/product\/yoast-seo-wordpress\/ -->\n<title>Dommarco Hnos. - Maderas Nacionales - Todo Madera<\/title>\n<meta name=\"description\" content=\"Encontr\u00e1 toda la variedad de productos y formas de comercializaci\u00f3n de Dommarco Hnos SA en el micrositio institucional de Todo Madera\" \/>\n<meta name=\"robots\" content=\"index, follow, max-snippet:-1, max-image-preview:large, max-video-preview:-1\" \/>\n<link rel=\"canonical\" href=\"https:\/\/maderamen.com.ar\/todo-madera\/productos\/dommarco-hnos-maderas-nacionales\/\" \/>\n<meta property=\"og:locale\" content=\"es_ES\" \/>\n<meta property=\"og:type\" content=\"article\" \/>\n<meta property=\"og:title\" content=\"Dommarco Hnos. - Maderas Nacionales - Todo Madera\" \/>\n<meta property=\"og:description\" content=\"Encontr\u00e1 toda la variedad de productos y formas de comercializaci\u00f3n de Dommarco Hnos SA en el micrositio institucional de Todo Madera\" \/>\n<meta property=\"og:url\" content=\"https:\/\/maderamen.com.ar\/todo-madera\/productos\/dommarco-hnos-maderas-nacionales\/\" \/>\n<meta property=\"og:site_name\" content=\"Todo Madera\" \/>\n<meta property=\"article:publisher\" content=\"https:\/\/www.facebook.com\/Maderamen.Argentina\/\" \/>\n<meta property=\"article:modified_time\" content=\"2026-03-25T00:40:02+00:00\" \/>\n<meta property=\"og:image\" content=\"https:\/\/maderamen.com.ar\/todo-madera\/wp-content\/uploads\/sites\/3\/2020\/03\/maderas-nacinales-principal.jpg\" \/>\n\t<meta property=\"og:image:width\" content=\"750\" \/>\n\t<meta property=\"og:image:height\" content=\"410\" \/>\n\t<meta property=\"og:image:type\" content=\"image\/jpeg\" \/>\n<meta name=\"twitter:card\" content=\"summary_large_image\" \/>\n<meta name=\"twitter:site\" content=\"@DesarrolloFores\" \/>\n<meta name=\"twitter:label1\" content=\"Tiempo de lectura\" \/>\n\t<meta name=\"twitter:data1\" content=\"5 minutos\" \/>\n<script type=\"application\/ld+json\" class=\"yoast-schema-graph\">{\"@context\":\"https:\\\/\\\/schema.org\",\"@graph\":[{\"@type\":\"WebPage\",\"@id\":\"https:\\\/\\\/maderamen.com.ar\\\/todo-madera\\\/productos\\\/dommarco-hnos-maderas-nacionales\\\/\",\"url\":\"https:\\\/\\\/maderamen.com.ar\\\/todo-madera\\\/productos\\\/dommarco-hnos-maderas-nacionales\\\/\",\"name\":\"Dommarco Hnos. - Maderas Nacionales - Todo Madera\",\"isPartOf\":{\"@id\":\"https:\\\/\\\/maderamen.com.ar\\\/todo-madera\\\/#website\"},\"primaryImageOfPage\":{\"@id\":\"https:\\\/\\\/maderamen.com.ar\\\/todo-madera\\\/productos\\\/dommarco-hnos-maderas-nacionales\\\/#primaryimage\"},\"image\":{\"@id\":\"https:\\\/\\\/maderamen.com.ar\\\/todo-madera\\\/productos\\\/dommarco-hnos-maderas-nacionales\\\/#primaryimage\"},\"thumbnailUrl\":\"https:\\\/\\\/maderamen.com.ar\\\/todo-madera\\\/wp-content\\\/uploads\\\/sites\\\/3\\\/2020\\\/03\\\/maderas-nacinales-principal.jpg\",\"datePublished\":\"2020-03-17T19:37:25+00:00\",\"dateModified\":\"2026-03-25T00:40:02+00:00\",\"description\":\"Encontr\u00e1 toda la variedad de productos y formas de comercializaci\u00f3n de Dommarco Hnos SA en el micrositio institucional de Todo Madera\",\"breadcrumb\":{\"@id\":\"https:\\\/\\\/maderamen.com.ar\\\/todo-madera\\\/productos\\\/dommarco-hnos-maderas-nacionales\\\/#breadcrumb\"},\"inLanguage\":\"es\",\"potentialAction\":[{\"@type\":\"ReadAction\",\"target\":[\"https:\\\/\\\/maderamen.com.ar\\\/todo-madera\\\/productos\\\/dommarco-hnos-maderas-nacionales\\\/\"]}]},{\"@type\":\"ImageObject\",\"inLanguage\":\"es\",\"@id\":\"https:\\\/\\\/maderamen.com.ar\\\/todo-madera\\\/productos\\\/dommarco-hnos-maderas-nacionales\\\/#primaryimage\",\"url\":\"https:\\\/\\\/maderamen.com.ar\\\/todo-madera\\\/wp-content\\\/uploads\\\/sites\\\/3\\\/2020\\\/03\\\/maderas-nacinales-principal.jpg\",\"contentUrl\":\"https:\\\/\\\/maderamen.com.ar\\\/todo-madera\\\/wp-content\\\/uploads\\\/sites\\\/3\\\/2020\\\/03\\\/maderas-nacinales-principal.jpg\",\"width\":750,\"height\":410,\"caption\":\"Dommarco maderas nacionales\"},{\"@type\":\"BreadcrumbList\",\"@id\":\"https:\\\/\\\/maderamen.com.ar\\\/todo-madera\\\/productos\\\/dommarco-hnos-maderas-nacionales\\\/#breadcrumb\",\"itemListElement\":[{\"@type\":\"ListItem\",\"position\":1,\"name\":\"Portada\",\"item\":\"https:\\\/\\\/maderamen.com.ar\\\/todo-madera\\\/\"},{\"@type\":\"ListItem\",\"position\":2,\"name\":\"Dommarco Hnos. &#8211; Maderas Nacionales\"}]},{\"@type\":\"WebSite\",\"@id\":\"https:\\\/\\\/maderamen.com.ar\\\/todo-madera\\\/#website\",\"url\":\"https:\\\/\\\/maderamen.com.ar\\\/todo-madera\\\/\",\"name\":\"Todo Madera\",\"description\":\"Noticias sobre madera y construcci\u00f3n\",\"publisher\":{\"@id\":\"https:\\\/\\\/maderamen.com.ar\\\/todo-madera\\\/#organization\"},\"potentialAction\":[{\"@type\":\"SearchAction\",\"target\":{\"@type\":\"EntryPoint\",\"urlTemplate\":\"https:\\\/\\\/maderamen.com.ar\\\/todo-madera\\\/?s={search_term_string}\"},\"query-input\":{\"@type\":\"PropertyValueSpecification\",\"valueRequired\":true,\"valueName\":\"search_term_string\"}}],\"inLanguage\":\"es\"},{\"@type\":\"Organization\",\"@id\":\"https:\\\/\\\/maderamen.com.ar\\\/todo-madera\\\/#organization\",\"name\":\"Maderamen\",\"url\":\"https:\\\/\\\/maderamen.com.ar\\\/todo-madera\\\/\",\"logo\":{\"@type\":\"ImageObject\",\"inLanguage\":\"es\",\"@id\":\"https:\\\/\\\/maderamen.com.ar\\\/todo-madera\\\/#\\\/schema\\\/logo\\\/image\\\/\",\"url\":\"https:\\\/\\\/maderamen.com.ar\\\/todo-madera\\\/wp-content\\\/uploads\\\/sites\\\/3\\\/2017\\\/09\\\/logo-maderamen-s.png\",\"contentUrl\":\"https:\\\/\\\/maderamen.com.ar\\\/todo-madera\\\/wp-content\\\/uploads\\\/sites\\\/3\\\/2017\\\/09\\\/logo-maderamen-s.png\",\"width\":250,\"height\":246,\"caption\":\"Maderamen\"},\"image\":{\"@id\":\"https:\\\/\\\/maderamen.com.ar\\\/todo-madera\\\/#\\\/schema\\\/logo\\\/image\\\/\"},\"sameAs\":[\"https:\\\/\\\/www.facebook.com\\\/Maderamen.Argentina\\\/\",\"https:\\\/\\\/x.com\\\/DesarrolloFores\",\"https:\\\/\\\/www.youtube.com\\\/channel\\\/UCeYU2-_JRTYYpgHoyhTT2Fg\",\"https:\\\/\\\/www.instagram.com\\\/maderamen.ok\\\/\",\"https:\\\/\\\/www.linkedin.com\\\/company\\\/maderameneditorial\\\/\"]}]}<\/script>\n<!-- \/ Yoast SEO plugin. -->","yoast_head_json":{"title":"Dommarco Hnos. - Maderas Nacionales - Todo Madera","description":"Encontr\u00e1 toda la variedad de productos y formas de comercializaci\u00f3n de Dommarco Hnos SA en el micrositio institucional de Todo Madera","robots":{"index":"index","follow":"follow","max-snippet":"max-snippet:-1","max-image-preview":"max-image-preview:large","max-video-preview":"max-video-preview:-1"},"canonical":"https:\/\/maderamen.com.ar\/todo-madera\/productos\/dommarco-hnos-maderas-nacionales\/","og_locale":"es_ES","og_type":"article","og_title":"Dommarco Hnos. - Maderas Nacionales - Todo Madera","og_description":"Encontr\u00e1 toda la variedad de productos y formas de comercializaci\u00f3n de Dommarco Hnos SA en el micrositio institucional de Todo Madera","og_url":"https:\/\/maderamen.com.ar\/todo-madera\/productos\/dommarco-hnos-maderas-nacionales\/","og_site_name":"Todo Madera","article_publisher":"https:\/\/www.facebook.com\/Maderamen.Argentina\/","article_modified_time":"2026-03-25T00:40:02+00:00","og_image":[{"width":750,"height":410,"url":"https:\/\/maderamen.com.ar\/todo-madera\/wp-content\/uploads\/sites\/3\/2020\/03\/maderas-nacinales-principal.jpg","type":"image\/jpeg"}],"twitter_card":"summary_large_image","twitter_site":"@DesarrolloFores","twitter_misc":{"Tiempo de lectura":"5 minutos"},"schema":{"@context":"https:\/\/schema.org","@graph":[{"@type":"WebPage","@id":"https:\/\/maderamen.com.ar\/todo-madera\/productos\/dommarco-hnos-maderas-nacionales\/","url":"https:\/\/maderamen.com.ar\/todo-madera\/productos\/dommarco-hnos-maderas-nacionales\/","name":"Dommarco Hnos. - Maderas Nacionales - Todo Madera","isPartOf":{"@id":"https:\/\/maderamen.com.ar\/todo-madera\/#website"},"primaryImageOfPage":{"@id":"https:\/\/maderamen.com.ar\/todo-madera\/productos\/dommarco-hnos-maderas-nacionales\/#primaryimage"},"image":{"@id":"https:\/\/maderamen.com.ar\/todo-madera\/productos\/dommarco-hnos-maderas-nacionales\/#primaryimage"},"thumbnailUrl":"https:\/\/maderamen.com.ar\/todo-madera\/wp-content\/uploads\/sites\/3\/2020\/03\/maderas-nacinales-principal.jpg","datePublished":"2020-03-17T19:37:25+00:00","dateModified":"2026-03-25T00:40:02+00:00","description":"Encontr\u00e1 toda la variedad de productos y formas de comercializaci\u00f3n de Dommarco Hnos SA en el micrositio institucional de Todo Madera","breadcrumb":{"@id":"https:\/\/maderamen.com.ar\/todo-madera\/productos\/dommarco-hnos-maderas-nacionales\/#breadcrumb"},"inLanguage":"es","potentialAction":[{"@type":"ReadAction","target":["https:\/\/maderamen.com.ar\/todo-madera\/productos\/dommarco-hnos-maderas-nacionales\/"]}]},{"@type":"ImageObject","inLanguage":"es","@id":"https:\/\/maderamen.com.ar\/todo-madera\/productos\/dommarco-hnos-maderas-nacionales\/#primaryimage","url":"https:\/\/maderamen.com.ar\/todo-madera\/wp-content\/uploads\/sites\/3\/2020\/03\/maderas-nacinales-principal.jpg","contentUrl":"https:\/\/maderamen.com.ar\/todo-madera\/wp-content\/uploads\/sites\/3\/2020\/03\/maderas-nacinales-principal.jpg","width":750,"height":410,"caption":"Dommarco maderas nacionales"},{"@type":"BreadcrumbList","@id":"https:\/\/maderamen.com.ar\/todo-madera\/productos\/dommarco-hnos-maderas-nacionales\/#breadcrumb","itemListElement":[{"@type":"ListItem","position":1,"name":"Portada","item":"https:\/\/maderamen.com.ar\/todo-madera\/"},{"@type":"ListItem","position":2,"name":"Dommarco Hnos. &#8211; Maderas Nacionales"}]},{"@type":"WebSite","@id":"https:\/\/maderamen.com.ar\/todo-madera\/#website","url":"https:\/\/maderamen.com.ar\/todo-madera\/","name":"Todo Madera","description":"Noticias sobre madera y construcci\u00f3n","publisher":{"@id":"https:\/\/maderamen.com.ar\/todo-madera\/#organization"},"potentialAction":[{"@type":"SearchAction","target":{"@type":"EntryPoint","urlTemplate":"https:\/\/maderamen.com.ar\/todo-madera\/?s={search_term_string}"},"query-input":{"@type":"PropertyValueSpecification","valueRequired":true,"valueName":"search_term_string"}}],"inLanguage":"es"},{"@type":"Organization","@id":"https:\/\/maderamen.com.ar\/todo-madera\/#organization","name":"Maderamen","url":"https:\/\/maderamen.com.ar\/todo-madera\/","logo":{"@type":"ImageObject","inLanguage":"es","@id":"https:\/\/maderamen.com.ar\/todo-madera\/#\/schema\/logo\/image\/","url":"https:\/\/maderamen.com.ar\/todo-madera\/wp-content\/uploads\/sites\/3\/2017\/09\/logo-maderamen-s.png","contentUrl":"https:\/\/maderamen.com.ar\/todo-madera\/wp-content\/uploads\/sites\/3\/2017\/09\/logo-maderamen-s.png","width":250,"height":246,"caption":"Maderamen"},"image":{"@id":"https:\/\/maderamen.com.ar\/todo-madera\/#\/schema\/logo\/image\/"},"sameAs":["https:\/\/www.facebook.com\/Maderamen.Argentina\/","https:\/\/x.com\/DesarrolloFores","https:\/\/www.youtube.com\/channel\/UCeYU2-_JRTYYpgHoyhTT2Fg","https:\/\/www.instagram.com\/maderamen.ok\/","https:\/\/www.linkedin.com\/company\/maderameneditorial\/"]}]}},"_links":{"self":[{"href":"https:\/\/maderamen.com.ar\/todo-madera\/wp-json\/wp\/v2\/producto\/10883","targetHints":{"allow":["GET"]}}],"collection":[{"href":"https:\/\/maderamen.com.ar\/todo-madera\/wp-json\/wp\/v2\/producto"}],"about":[{"href":"https:\/\/maderamen.com.ar\/todo-madera\/wp-json\/wp\/v2\/types\/producto"}],"version-history":[{"count":5,"href":"https:\/\/maderamen.com.ar\/todo-madera\/wp-json\/wp\/v2\/producto\/10883\/revisions"}],"predecessor-version":[{"id":14131,"href":"https:\/\/maderamen.com.ar\/todo-madera\/wp-json\/wp\/v2\/producto\/10883\/revisions\/14131"}],"wp:featuredmedia":[{"embeddable":true,"href":"https:\/\/maderamen.com.ar\/todo-madera\/wp-json\/wp\/v2\/media\/10884"}],"wp:attachment":[{"href":"https:\/\/maderamen.com.ar\/todo-madera\/wp-json\/wp\/v2\/media?parent=10883"}],"wp:term":[{"taxonomy":"rubros","embeddable":true,"href":"https:\/\/maderamen.com.ar\/todo-madera\/wp-json\/wp\/v2\/rubros?post=10883"}],"curies":[{"name":"wp","href":"https:\/\/api.w.org\/{rel}","templated":true}]}}