{"id":10641,"date":"2019-10-28T20:20:29","date_gmt":"2019-10-28T23:20:29","guid":{"rendered":"https:\/\/maderamen.com.ar\/todo-madera\/?post_type=producto&#038;p=10641"},"modified":"2026-03-24T22:25:36","modified_gmt":"2026-03-25T01:25:36","slug":"quimica-bosques-direth-preservadores-protectores","status":"publish","type":"producto","link":"https:\/\/maderamen.com.ar\/todo-madera\/productos\/quimica-bosques-direth-preservadores-protectores\/","title":{"rendered":"Qu\u00edmica Bosques S.A. \u2013 Direth \u2013 Preservadores y Protectores"},"content":{"rendered":"\n<div class=\"wp-block-columns is-layout-flex wp-container-core-columns-is-layout-9d6595d7 wp-block-columns-is-layout-flex\">\n<div class=\"wp-block-column is-layout-flow wp-block-column-is-layout-flow\" style=\"flex-basis:66.66%\">\n<div class=\"wp-block-gutena-tabs gutena-tabs-block gutena-tabs-block-07fcb7-a3\"><ul class=\"gutena-tabs-tab tab-flex\"><li class=\"gutena-tab-title active\" data-tab=\"1\"><div class=\"gutena-tab-title-content icon-top\"><div class=\"gutena-tab-title-text\"><div>Descripci\u00f3n<\/div><\/div><\/div><\/li><li class=\"gutena-tab-title inactive\" data-tab=\"2\"><div class=\"gutena-tab-title-content icon-top\"><div class=\"gutena-tab-title-text\"><div>Comercializaci\u00f3n<\/div><\/div><\/div><\/li><\/ul><div class=\"gutena-tabs-content is-layout-flow wp-block-gutena-tabs-is-layout-flow\">\n<div class=\"wp-block-gutena-tab gutena-tab-block gutena-tab-block-7e51e0-80 active\" data-tab=\"1\">\n<h4 class=\"wp-block-heading\"><strong>Preservador para madera con bajo contenido de humedad<\/strong><\/h4>\n\n\n\n<p><strong>DIRETH CONCENTRADO:<\/strong>&nbsp;es un Preservador y Curador Para Maderas formulado para proteger la madera del ataque de insectos y hongos. Los principios activos que lo componen, tienen la ventaja de poseer una alt\u00edsima acci\u00f3n residual. Pero en este caso las concentraciones de estos principios activos son altas, lo cual permite que cada litro de este producto pueda ser diluido con tres litros de aguarr\u00e1s mineral.<\/p>\n\n\n\n<p><strong>DIRETH INSECTICIDA:<\/strong>&nbsp;es un Preservador y Curador para maderas formulado para proteger la madera del ataque de insectos. La alta acci\u00f3n residual de su principio activo insecticida garantiza una protecci\u00f3n en madera de pino de 15 a\u00f1os, llegando a alcanzar en madera de cedro m\u00e1s de 50 a\u00f1os de duraci\u00f3n, de acuerdo a ensayos de envejecimiento acelerado. Los diluyentes que lo componen aseguran una muy buena penetraci\u00f3n del principio activo en el interior de la madera.<\/p>\n\n\n\n<p><strong>DIRETH NORMAL:<\/strong>&nbsp;es un Preservador y Curador Para Maderas formulado para proteger la madera del ataque de insectos y hongos. Los principios activos que lo componen, tienen la ventaja de poseer una alt\u00edsima acci\u00f3n residual. A modo de ejemplo, de 15 a\u00f1os en madera de pino. Los solventes especiales que complementan su composici\u00f3n, hacen que el producto tenga adem\u00e1s, una excelente penetraci\u00f3n al interior de la madera.<\/p>\n\n\n\n<p><strong>DIRETH TOTEM:<\/strong>&nbsp;es un preservador y curador para Maderas formulado para proteger la madera del ataque de insectos. La acci\u00f3n residual de su principio activo insecticida garantiza una protecci\u00f3n en madera de pino de 3 a 5 a\u00f1os. Los diluyentes que lo componen aseguran una muy buena penetraci\u00f3n del principio activo en el interior de la madera.<\/p>\n\n\n\n<h4 class=\"wp-block-heading\"><strong>Impregnante protector para maderas.<\/strong><\/h4>\n\n\n\n<p><strong>DIRETH Deck Secado R\u00e1pido:<\/strong>&nbsp;es un acabado protector satinado, formulado especialmente para ser aplicado en pisos de madera.<\/p>\n\n\n\n<p>Por su composici\u00f3n, forma una micropel\u00edcula de poro abierto que repele el agua exterior y permite la eliminaci\u00f3n de la humedad interna de la madera. La conjunci\u00f3n de pigmentos y filtros solares especiales, permiten una \u00f3ptima estabilidad de coloraci\u00f3n y est\u00e9tica de la madera tratada.<\/p>\n\n\n\n<p>Este producto tiene un tiempo de secado aproximado de 2 horas.<\/p>\n\n\n\n<p><strong>DIRETH Lasur:&nbsp;<\/strong>es un protector decorativo para madera, que una vez aplicado, la conserva manteniendo su textura natural, protegi\u00e9ndola de la acci\u00f3n de los agentes clim\u00e1ticos.<\/p>\n\n\n\n<p>Por su especial formulaci\u00f3n, la adecuada pigmentaci\u00f3n y su combinaci\u00f3n con filtros solares especiales, hace que una vez aplicado en maderas expuestas en exteriores, mantenga la est\u00e9tica de la misma sin cuartearse ni resquebrajarse.<\/p>\n\n\n\n<p><strong>DIRETH Lasur Premium:<\/strong>&nbsp;es un acabado protector que conserva la madera manteniendo su textura natural y protegi\u00e9ndola de la agresi\u00f3n de los diversos agentes clim\u00e1ticos. Posee una gran elasticidad y soporta sin quebrarse los movimientos de dilataci\u00f3n y contracci\u00f3n naturales de la madera.<\/p>\n\n\n\n<p>Contiene una adecuada pigmentaci\u00f3n, que combinada con especiales filtros solares que absorben la radiaci\u00f3n solar y evitan la decoloraci\u00f3n de la superficie, mantiene las propiedades del recubrimiento y de la madera, inalterable por varios a\u00f1os.<\/p>\n\n\n\n<p style=\"margin-top:0;margin-bottom:0\"><a href=\"https:\/\/direth.com.ar\/\" target=\"_blank\" rel=\"noreferrer noopener\"><strong>Mas Informaci\u00f3n<\/strong><\/a><\/p>\n<\/div>\n\n\n\n<div class=\"wp-block-gutena-tab gutena-tab-block gutena-tab-block-b48889-18 inactive\" data-tab=\"2\">\n<p style=\"margin-top:0;margin-bottom:0\">Actualmente, los Productos Direth se comercializan en las mejores madereras y pinturerias de todo el pa\u00eds, cumpliendo con el objetivo de proteger y embellecer la madera, satisfaciendo las necesidades de los clientes y usuarios.<\/p>\n<\/div>\n<\/div><\/div>\n<\/div>\n\n\n\n<div class=\"wp-block-column is-layout-flow wp-block-column-is-layout-flow\" style=\"flex-basis:33.33%\"><div class=\"wp-block-image\">\n<figure class=\"aligncenter size-full is-resized\"><a href=\"https:\/\/maderamen.com.ar\/todo-madera\/wp-content\/uploads\/sites\/3\/2019\/10\/preservador-concentrado.jpg\" target=\"_blank\" rel=\" noreferrer noopener\"><img loading=\"lazy\" decoding=\"async\" width=\"1003\" height=\"1151\" src=\"https:\/\/maderamen.com.ar\/todo-madera\/wp-content\/uploads\/sites\/3\/2019\/10\/preservador-concentrado.jpg\" alt=\"\" class=\"wp-image-10642\" style=\"width:220px\"\/><\/a><figcaption class=\"wp-element-caption\">Preservador Concentrado<\/figcaption><\/figure>\n<\/div>\n\n<div class=\"wp-block-image\">\n<figure class=\"aligncenter size-full is-resized\"><a href=\"https:\/\/maderamen.com.ar\/todo-madera\/wp-content\/uploads\/sites\/3\/2019\/10\/preservador-insecticida.jpg\" target=\"_blank\" rel=\" noreferrer noopener\"><img loading=\"lazy\" decoding=\"async\" width=\"852\" height=\"1020\" src=\"https:\/\/maderamen.com.ar\/todo-madera\/wp-content\/uploads\/sites\/3\/2019\/10\/preservador-insecticida.jpg\" alt=\"\" class=\"wp-image-10643\" style=\"width:220px\"\/><\/a><figcaption class=\"wp-element-caption\">Preservador Insecticida<\/figcaption><\/figure>\n<\/div>\n\n<div class=\"wp-block-image\">\n<figure class=\"aligncenter size-full is-resized\"><a href=\"https:\/\/maderamen.com.ar\/todo-madera\/wp-content\/uploads\/sites\/3\/2019\/10\/preservador-insecticida-y-fungicida.jpg\" target=\"_blank\" rel=\" noreferrer noopener\"><img loading=\"lazy\" decoding=\"async\" width=\"926\" height=\"1164\" src=\"https:\/\/maderamen.com.ar\/todo-madera\/wp-content\/uploads\/sites\/3\/2019\/10\/preservador-insecticida-y-fungicida.jpg\" alt=\"\" class=\"wp-image-10644\" style=\"width:220px\"\/><\/a><figcaption class=\"wp-element-caption\">Normal Plus<\/figcaption><\/figure>\n<\/div>\n\n<div class=\"wp-block-image\">\n<figure class=\"aligncenter size-full is-resized\"><a href=\"https:\/\/maderamen.com.ar\/todo-madera\/wp-content\/uploads\/sites\/3\/2019\/10\/presservador-totem.jpg\" target=\"_blank\" rel=\" noreferrer noopener\"><img loading=\"lazy\" decoding=\"async\" width=\"894\" height=\"1136\" src=\"https:\/\/maderamen.com.ar\/todo-madera\/wp-content\/uploads\/sites\/3\/2019\/10\/presservador-totem.jpg\" alt=\"\" class=\"wp-image-10645\" style=\"width:220px\"\/><\/a><figcaption class=\"wp-element-caption\">Preservador Totem<\/figcaption><\/figure>\n<\/div>\n\n<div class=\"wp-block-image\">\n<figure class=\"aligncenter size-full is-resized\"><a href=\"https:\/\/maderamen.com.ar\/todo-madera\/wp-content\/uploads\/sites\/3\/2019\/10\/deck-sevado-rapido.jpg\" target=\"_blank\" rel=\" noreferrer noopener\"><img loading=\"lazy\" decoding=\"async\" width=\"810\" height=\"978\" src=\"https:\/\/maderamen.com.ar\/todo-madera\/wp-content\/uploads\/sites\/3\/2019\/10\/deck-sevado-rapido.jpg\" alt=\"\" class=\"wp-image-10646\" style=\"width:220px\"\/><\/a><figcaption class=\"wp-element-caption\">Deck &#8211; Secado R\u00e1pido<\/figcaption><\/figure>\n<\/div>\n\n<div class=\"wp-block-image\">\n<figure class=\"aligncenter size-full is-resized\"><a href=\"https:\/\/maderamen.com.ar\/todo-madera\/wp-content\/uploads\/sites\/3\/2019\/10\/protector-lasur.jpg\" target=\"_blank\" rel=\" noreferrer noopener\"><img loading=\"lazy\" decoding=\"async\" width=\"980\" height=\"1141\" src=\"https:\/\/maderamen.com.ar\/todo-madera\/wp-content\/uploads\/sites\/3\/2019\/10\/protector-lasur.jpg\" alt=\"\" class=\"wp-image-10647\" style=\"width:220px\"\/><\/a><figcaption class=\"wp-element-caption\">Lasur<\/figcaption><\/figure>\n<\/div>\n\n<div class=\"wp-block-image\">\n<figure class=\"aligncenter size-full is-resized\"><a href=\"https:\/\/maderamen.com.ar\/todo-madera\/wp-content\/uploads\/sites\/3\/2019\/10\/protector-lasur-premiun.jpg\" target=\"_blank\" rel=\" noreferrer noopener\"><img loading=\"lazy\" decoding=\"async\" width=\"834\" height=\"984\" src=\"https:\/\/maderamen.com.ar\/todo-madera\/wp-content\/uploads\/sites\/3\/2019\/10\/protector-lasur-premiun.jpg\" alt=\"direth preservadores protectores para madera\" class=\"wp-image-10648\" style=\"width:220px\"\/><\/a><figcaption class=\"wp-element-caption\">Lasur Premium<\/figcaption><\/figure>\n<\/div><\/div>\n<\/div>\n","protected":false},"excerpt":{"rendered":"","protected":false},"featured_media":10648,"template":"","meta":{"footnotes":""},"rubros":[21],"class_list":{"0":"post-10641","1":"producto","2":"type-producto","3":"status-publish","4":"has-post-thumbnail","6":"rubros-preservantes-curadores"},"yoast_head":"<!-- This site is optimized with the Yoast SEO plugin v27.4 - https:\/\/yoast.com\/product\/yoast-seo-wordpress\/ -->\n<title>Qu\u00edmica Bosques S.A. \u2013 Direth \u2013 Preservadores y Protectores<\/title>\n<meta name=\"description\" content=\"Encontr\u00e1 toda la variedad de productos y formas de comercializaci\u00f3n de Qumica Bosques en el micrositio institucional de Todo Madera\" \/>\n<meta name=\"robots\" content=\"index, follow, max-snippet:-1, max-image-preview:large, max-video-preview:-1\" \/>\n<link rel=\"canonical\" href=\"https:\/\/maderamen.com.ar\/todo-madera\/productos\/quimica-bosques-direth-preservadores-protectores\/\" \/>\n<meta property=\"og:locale\" content=\"es_ES\" \/>\n<meta property=\"og:type\" content=\"article\" \/>\n<meta property=\"og:title\" content=\"Qu\u00edmica Bosques S.A. \u2013 Direth \u2013 Preservadores y Protectores\" \/>\n<meta property=\"og:description\" content=\"Encontr\u00e1 toda la variedad de productos y formas de comercializaci\u00f3n de Qumica Bosques en el micrositio institucional de Todo Madera\" \/>\n<meta property=\"og:url\" content=\"https:\/\/maderamen.com.ar\/todo-madera\/productos\/quimica-bosques-direth-preservadores-protectores\/\" \/>\n<meta property=\"og:site_name\" content=\"Todo Madera\" \/>\n<meta property=\"article:publisher\" content=\"https:\/\/www.facebook.com\/Maderamen.Argentina\/\" \/>\n<meta property=\"article:modified_time\" content=\"2026-03-25T01:25:36+00:00\" \/>\n<meta property=\"og:image\" content=\"https:\/\/maderamen.com.ar\/todo-madera\/wp-content\/uploads\/sites\/3\/2019\/10\/protector-lasur-premiun.jpg\" \/>\n\t<meta property=\"og:image:width\" content=\"834\" \/>\n\t<meta property=\"og:image:height\" content=\"984\" \/>\n\t<meta property=\"og:image:type\" content=\"image\/jpeg\" \/>\n<meta name=\"twitter:card\" content=\"summary_large_image\" \/>\n<meta name=\"twitter:site\" content=\"@DesarrolloFores\" \/>\n<meta name=\"twitter:label1\" content=\"Tiempo de lectura\" \/>\n\t<meta name=\"twitter:data1\" content=\"5 minutos\" \/>\n<script type=\"application\/ld+json\" class=\"yoast-schema-graph\">{\"@context\":\"https:\\\/\\\/schema.org\",\"@graph\":[{\"@type\":\"WebPage\",\"@id\":\"https:\\\/\\\/maderamen.com.ar\\\/todo-madera\\\/productos\\\/quimica-bosques-direth-preservadores-protectores\\\/\",\"url\":\"https:\\\/\\\/maderamen.com.ar\\\/todo-madera\\\/productos\\\/quimica-bosques-direth-preservadores-protectores\\\/\",\"name\":\"Qu\u00edmica Bosques S.A. \u2013 Direth \u2013 Preservadores y Protectores\",\"isPartOf\":{\"@id\":\"https:\\\/\\\/maderamen.com.ar\\\/todo-madera\\\/#website\"},\"primaryImageOfPage\":{\"@id\":\"https:\\\/\\\/maderamen.com.ar\\\/todo-madera\\\/productos\\\/quimica-bosques-direth-preservadores-protectores\\\/#primaryimage\"},\"image\":{\"@id\":\"https:\\\/\\\/maderamen.com.ar\\\/todo-madera\\\/productos\\\/quimica-bosques-direth-preservadores-protectores\\\/#primaryimage\"},\"thumbnailUrl\":\"https:\\\/\\\/maderamen.com.ar\\\/todo-madera\\\/wp-content\\\/uploads\\\/sites\\\/3\\\/2019\\\/10\\\/protector-lasur-premiun.jpg\",\"datePublished\":\"2019-10-28T23:20:29+00:00\",\"dateModified\":\"2026-03-25T01:25:36+00:00\",\"description\":\"Encontr\u00e1 toda la variedad de productos y formas de comercializaci\u00f3n de Qumica Bosques en el micrositio institucional de Todo Madera\",\"breadcrumb\":{\"@id\":\"https:\\\/\\\/maderamen.com.ar\\\/todo-madera\\\/productos\\\/quimica-bosques-direth-preservadores-protectores\\\/#breadcrumb\"},\"inLanguage\":\"es\",\"potentialAction\":[{\"@type\":\"ReadAction\",\"target\":[\"https:\\\/\\\/maderamen.com.ar\\\/todo-madera\\\/productos\\\/quimica-bosques-direth-preservadores-protectores\\\/\"]}]},{\"@type\":\"ImageObject\",\"inLanguage\":\"es\",\"@id\":\"https:\\\/\\\/maderamen.com.ar\\\/todo-madera\\\/productos\\\/quimica-bosques-direth-preservadores-protectores\\\/#primaryimage\",\"url\":\"https:\\\/\\\/maderamen.com.ar\\\/todo-madera\\\/wp-content\\\/uploads\\\/sites\\\/3\\\/2019\\\/10\\\/protector-lasur-premiun.jpg\",\"contentUrl\":\"https:\\\/\\\/maderamen.com.ar\\\/todo-madera\\\/wp-content\\\/uploads\\\/sites\\\/3\\\/2019\\\/10\\\/protector-lasur-premiun.jpg\",\"width\":834,\"height\":984,\"caption\":\"Lasur Premium\"},{\"@type\":\"BreadcrumbList\",\"@id\":\"https:\\\/\\\/maderamen.com.ar\\\/todo-madera\\\/productos\\\/quimica-bosques-direth-preservadores-protectores\\\/#breadcrumb\",\"itemListElement\":[{\"@type\":\"ListItem\",\"position\":1,\"name\":\"Portada\",\"item\":\"https:\\\/\\\/maderamen.com.ar\\\/todo-madera\\\/\"},{\"@type\":\"ListItem\",\"position\":2,\"name\":\"Qu\u00edmica Bosques S.A. \u2013 Direth \u2013 Preservadores y Protectores\"}]},{\"@type\":\"WebSite\",\"@id\":\"https:\\\/\\\/maderamen.com.ar\\\/todo-madera\\\/#website\",\"url\":\"https:\\\/\\\/maderamen.com.ar\\\/todo-madera\\\/\",\"name\":\"Todo Madera\",\"description\":\"Noticias sobre madera y construcci\u00f3n\",\"publisher\":{\"@id\":\"https:\\\/\\\/maderamen.com.ar\\\/todo-madera\\\/#organization\"},\"potentialAction\":[{\"@type\":\"SearchAction\",\"target\":{\"@type\":\"EntryPoint\",\"urlTemplate\":\"https:\\\/\\\/maderamen.com.ar\\\/todo-madera\\\/?s={search_term_string}\"},\"query-input\":{\"@type\":\"PropertyValueSpecification\",\"valueRequired\":true,\"valueName\":\"search_term_string\"}}],\"inLanguage\":\"es\"},{\"@type\":\"Organization\",\"@id\":\"https:\\\/\\\/maderamen.com.ar\\\/todo-madera\\\/#organization\",\"name\":\"Maderamen\",\"url\":\"https:\\\/\\\/maderamen.com.ar\\\/todo-madera\\\/\",\"logo\":{\"@type\":\"ImageObject\",\"inLanguage\":\"es\",\"@id\":\"https:\\\/\\\/maderamen.com.ar\\\/todo-madera\\\/#\\\/schema\\\/logo\\\/image\\\/\",\"url\":\"https:\\\/\\\/maderamen.com.ar\\\/todo-madera\\\/wp-content\\\/uploads\\\/sites\\\/3\\\/2017\\\/09\\\/logo-maderamen-s.png\",\"contentUrl\":\"https:\\\/\\\/maderamen.com.ar\\\/todo-madera\\\/wp-content\\\/uploads\\\/sites\\\/3\\\/2017\\\/09\\\/logo-maderamen-s.png\",\"width\":250,\"height\":246,\"caption\":\"Maderamen\"},\"image\":{\"@id\":\"https:\\\/\\\/maderamen.com.ar\\\/todo-madera\\\/#\\\/schema\\\/logo\\\/image\\\/\"},\"sameAs\":[\"https:\\\/\\\/www.facebook.com\\\/Maderamen.Argentina\\\/\",\"https:\\\/\\\/x.com\\\/DesarrolloFores\",\"https:\\\/\\\/www.youtube.com\\\/channel\\\/UCeYU2-_JRTYYpgHoyhTT2Fg\",\"https:\\\/\\\/www.instagram.com\\\/maderamen.ok\\\/\",\"https:\\\/\\\/www.linkedin.com\\\/company\\\/maderameneditorial\\\/\"]}]}<\/script>\n<!-- \/ Yoast SEO plugin. -->","yoast_head_json":{"title":"Qu\u00edmica Bosques S.A. \u2013 Direth \u2013 Preservadores y Protectores","description":"Encontr\u00e1 toda la variedad de productos y formas de comercializaci\u00f3n de Qumica Bosques en el micrositio institucional de Todo Madera","robots":{"index":"index","follow":"follow","max-snippet":"max-snippet:-1","max-image-preview":"max-image-preview:large","max-video-preview":"max-video-preview:-1"},"canonical":"https:\/\/maderamen.com.ar\/todo-madera\/productos\/quimica-bosques-direth-preservadores-protectores\/","og_locale":"es_ES","og_type":"article","og_title":"Qu\u00edmica Bosques S.A. \u2013 Direth \u2013 Preservadores y Protectores","og_description":"Encontr\u00e1 toda la variedad de productos y formas de comercializaci\u00f3n de Qumica Bosques en el micrositio institucional de Todo Madera","og_url":"https:\/\/maderamen.com.ar\/todo-madera\/productos\/quimica-bosques-direth-preservadores-protectores\/","og_site_name":"Todo Madera","article_publisher":"https:\/\/www.facebook.com\/Maderamen.Argentina\/","article_modified_time":"2026-03-25T01:25:36+00:00","og_image":[{"width":834,"height":984,"url":"https:\/\/maderamen.com.ar\/todo-madera\/wp-content\/uploads\/sites\/3\/2019\/10\/protector-lasur-premiun.jpg","type":"image\/jpeg"}],"twitter_card":"summary_large_image","twitter_site":"@DesarrolloFores","twitter_misc":{"Tiempo de lectura":"5 minutos"},"schema":{"@context":"https:\/\/schema.org","@graph":[{"@type":"WebPage","@id":"https:\/\/maderamen.com.ar\/todo-madera\/productos\/quimica-bosques-direth-preservadores-protectores\/","url":"https:\/\/maderamen.com.ar\/todo-madera\/productos\/quimica-bosques-direth-preservadores-protectores\/","name":"Qu\u00edmica Bosques S.A. \u2013 Direth \u2013 Preservadores y Protectores","isPartOf":{"@id":"https:\/\/maderamen.com.ar\/todo-madera\/#website"},"primaryImageOfPage":{"@id":"https:\/\/maderamen.com.ar\/todo-madera\/productos\/quimica-bosques-direth-preservadores-protectores\/#primaryimage"},"image":{"@id":"https:\/\/maderamen.com.ar\/todo-madera\/productos\/quimica-bosques-direth-preservadores-protectores\/#primaryimage"},"thumbnailUrl":"https:\/\/maderamen.com.ar\/todo-madera\/wp-content\/uploads\/sites\/3\/2019\/10\/protector-lasur-premiun.jpg","datePublished":"2019-10-28T23:20:29+00:00","dateModified":"2026-03-25T01:25:36+00:00","description":"Encontr\u00e1 toda la variedad de productos y formas de comercializaci\u00f3n de Qumica Bosques en el micrositio institucional de Todo Madera","breadcrumb":{"@id":"https:\/\/maderamen.com.ar\/todo-madera\/productos\/quimica-bosques-direth-preservadores-protectores\/#breadcrumb"},"inLanguage":"es","potentialAction":[{"@type":"ReadAction","target":["https:\/\/maderamen.com.ar\/todo-madera\/productos\/quimica-bosques-direth-preservadores-protectores\/"]}]},{"@type":"ImageObject","inLanguage":"es","@id":"https:\/\/maderamen.com.ar\/todo-madera\/productos\/quimica-bosques-direth-preservadores-protectores\/#primaryimage","url":"https:\/\/maderamen.com.ar\/todo-madera\/wp-content\/uploads\/sites\/3\/2019\/10\/protector-lasur-premiun.jpg","contentUrl":"https:\/\/maderamen.com.ar\/todo-madera\/wp-content\/uploads\/sites\/3\/2019\/10\/protector-lasur-premiun.jpg","width":834,"height":984,"caption":"Lasur Premium"},{"@type":"BreadcrumbList","@id":"https:\/\/maderamen.com.ar\/todo-madera\/productos\/quimica-bosques-direth-preservadores-protectores\/#breadcrumb","itemListElement":[{"@type":"ListItem","position":1,"name":"Portada","item":"https:\/\/maderamen.com.ar\/todo-madera\/"},{"@type":"ListItem","position":2,"name":"Qu\u00edmica Bosques S.A. \u2013 Direth \u2013 Preservadores y Protectores"}]},{"@type":"WebSite","@id":"https:\/\/maderamen.com.ar\/todo-madera\/#website","url":"https:\/\/maderamen.com.ar\/todo-madera\/","name":"Todo Madera","description":"Noticias sobre madera y construcci\u00f3n","publisher":{"@id":"https:\/\/maderamen.com.ar\/todo-madera\/#organization"},"potentialAction":[{"@type":"SearchAction","target":{"@type":"EntryPoint","urlTemplate":"https:\/\/maderamen.com.ar\/todo-madera\/?s={search_term_string}"},"query-input":{"@type":"PropertyValueSpecification","valueRequired":true,"valueName":"search_term_string"}}],"inLanguage":"es"},{"@type":"Organization","@id":"https:\/\/maderamen.com.ar\/todo-madera\/#organization","name":"Maderamen","url":"https:\/\/maderamen.com.ar\/todo-madera\/","logo":{"@type":"ImageObject","inLanguage":"es","@id":"https:\/\/maderamen.com.ar\/todo-madera\/#\/schema\/logo\/image\/","url":"https:\/\/maderamen.com.ar\/todo-madera\/wp-content\/uploads\/sites\/3\/2017\/09\/logo-maderamen-s.png","contentUrl":"https:\/\/maderamen.com.ar\/todo-madera\/wp-content\/uploads\/sites\/3\/2017\/09\/logo-maderamen-s.png","width":250,"height":246,"caption":"Maderamen"},"image":{"@id":"https:\/\/maderamen.com.ar\/todo-madera\/#\/schema\/logo\/image\/"},"sameAs":["https:\/\/www.facebook.com\/Maderamen.Argentina\/","https:\/\/x.com\/DesarrolloFores","https:\/\/www.youtube.com\/channel\/UCeYU2-_JRTYYpgHoyhTT2Fg","https:\/\/www.instagram.com\/maderamen.ok\/","https:\/\/www.linkedin.com\/company\/maderameneditorial\/"]}]}},"_links":{"self":[{"href":"https:\/\/maderamen.com.ar\/todo-madera\/wp-json\/wp\/v2\/producto\/10641","targetHints":{"allow":["GET"]}}],"collection":[{"href":"https:\/\/maderamen.com.ar\/todo-madera\/wp-json\/wp\/v2\/producto"}],"about":[{"href":"https:\/\/maderamen.com.ar\/todo-madera\/wp-json\/wp\/v2\/types\/producto"}],"version-history":[{"count":2,"href":"https:\/\/maderamen.com.ar\/todo-madera\/wp-json\/wp\/v2\/producto\/10641\/revisions"}],"predecessor-version":[{"id":14173,"href":"https:\/\/maderamen.com.ar\/todo-madera\/wp-json\/wp\/v2\/producto\/10641\/revisions\/14173"}],"wp:featuredmedia":[{"embeddable":true,"href":"https:\/\/maderamen.com.ar\/todo-madera\/wp-json\/wp\/v2\/media\/10648"}],"wp:attachment":[{"href":"https:\/\/maderamen.com.ar\/todo-madera\/wp-json\/wp\/v2\/media?parent=10641"}],"wp:term":[{"taxonomy":"rubros","embeddable":true,"href":"https:\/\/maderamen.com.ar\/todo-madera\/wp-json\/wp\/v2\/rubros?post=10641"}],"curies":[{"name":"wp","href":"https:\/\/api.w.org\/{rel}","templated":true}]}}