{"id":10632,"date":"2019-10-28T12:33:33","date_gmt":"2019-10-28T15:33:33","guid":{"rendered":"https:\/\/maderamen.com.ar\/todo-madera\/?post_type=empresa&#038;p=10632"},"modified":"2026-03-24T20:52:59","modified_gmt":"2026-03-24T23:52:59","slug":"direth-madera-protegida","status":"publish","type":"empresa","link":"https:\/\/maderamen.com.ar\/todo-madera\/empresas\/direth-madera-protegida\/","title":{"rendered":"Qu\u00edmica Bosques S.A. &#8211; Direth \u2013 Protectores, Preservadores e Ign\u00edfugos para madera"},"content":{"rendered":"\n<div class=\"wp-block-columns is-layout-flex wp-container-core-columns-is-layout-9d6595d7 wp-block-columns-is-layout-flex\">\n<div class=\"wp-block-column is-layout-flow wp-block-column-is-layout-flow\" style=\"flex-basis:66.66%\">\n<p><span style=\"box-sizing: border-box; margin: 0px; padding: 0px;\"><strong>QU\u00cdMICA BOSQUES S.A.<\/strong>, e<\/span>mpresa dedicada al dise\u00f1o, desarrollo, fabricaci\u00f3n y comercializaci\u00f3n de\u00a0Protectores, Preservadores e Ign\u00edfugos\u00a0para madera, productos para recubrimiento y mantenimiento de superficies, ha decidido implementar un Sistema de Gesti\u00f3n Integrado de Calidad y Medioambiente basado en las normas ISO 9001 e ISO 14001 para mejorar su organizaci\u00f3n interna, ofrecer productos confiables a sus clientes y continuar con su comportamiento ambiental sostenible.<\/p>\n\n\n\n<p>La Direcci\u00f3n utiliza el Sistema de la Calidad y Medioambiente como herramienta para organizar el funcionamiento diario de la Empresa, partiendo de pilares b\u00e1sicos como son la calidad de los productos, la satisfacci\u00f3n del cliente y la mejora continua de la eficacia de todo el Sistema.<\/p>\n\n\n\n<p>Para ello, nos basamos en la siguiente&nbsp;<strong>Pol\u00edtica de Calidad y Medioambiente:<\/strong><\/p>\n\n\n\n<ul class=\"wp-block-list\">\n<li>Cumplir con la legislaci\u00f3n y reglamentaci\u00f3n vigentes, as\u00ed como conocer las necesidades y requisitos que puedan afectar la satisfacci\u00f3n del cliente.<\/li>\n\n\n\n<li>Facilitar la calidad y la mejora continua de los procesos del Sistema.<\/li>\n\n\n\n<li>Formar, sensibilizar y comprometer al personal de la Empresa respecto al desempe\u00f1o y funcionamiento del Sistema. La calidad y el comportamiento ambiental son responsabilidad de todos los integrantes de la empresa.<\/li>\n\n\n\n<li>Asegurar la protecci\u00f3n del medio ambiente y la prevenci\u00f3n de la contaminaci\u00f3n ofreciendo y dise\u00f1ando productos amigables con el ambiente.<\/li>\n<\/ul>\n\n\n\n<p>Para la efectiva aplicaci\u00f3n de estos principios es necesario el apoyo de todas las personas involucradas, por lo que esta pol\u00edtica es difundida a todo el personal, clientes, proveedores, autoridades e incluso al p\u00fablico en general para su conocimiento y comprensi\u00f3n.<\/p>\n\n\n\n<p>La Direcci\u00f3n revisar\u00e1 peri\u00f3dicamente esta pol\u00edtica con el objeto de desarrollar el concepto de mejora continua en materia medioambiental y asegurar, de esta forma, su mantenimiento actualizado.<\/p>\n\n\n<div class=\"wp-block-image\">\n<figure class=\"aligncenter size-full\"><a href=\"https:\/\/maderamen.com.ar\/todo-madera\/wp-content\/uploads\/sites\/3\/2019\/10\/grupo-1.jpg\" target=\"_blank\" rel=\" noreferrer noopener\"><img loading=\"lazy\" decoding=\"async\" width=\"905\" height=\"577\" src=\"https:\/\/maderamen.com.ar\/todo-madera\/wp-content\/uploads\/sites\/3\/2019\/10\/grupo-1.jpg\" alt=\"\" class=\"wp-image-10633\"\/><\/a><\/figure>\n<\/div><\/div>\n\n\n\n<div class=\"wp-block-column is-layout-flow wp-block-column-is-layout-flow\" style=\"flex-basis:33.33%\"><div class=\"wp-block-image\">\n<figure class=\"aligncenter size-full\"><a href=\"https:\/\/maderamen.com.ar\/todo-madera\/wp-content\/uploads\/sites\/3\/2019\/10\/logo-2.jpg\" target=\"_blank\" rel=\" noreferrer noopener\"><img loading=\"lazy\" decoding=\"async\" width=\"655\" height=\"108\" src=\"https:\/\/maderamen.com.ar\/todo-madera\/wp-content\/uploads\/sites\/3\/2019\/10\/logo-2.jpg\" alt=\"\" class=\"wp-image-10635\"\/><\/a><\/figure>\n<\/div>\n\n\n<div data-wp-context=\"{ &quot;autoclose&quot;: false, &quot;accordionItems&quot;: [] }\" data-wp-interactive=\"core\/accordion\" role=\"group\" class=\"wp-block-accordion is-layout-flow wp-block-accordion-is-layout-flow\">\n<div data-wp-class--is-open=\"state.isOpen\" data-wp-context=\"{ &quot;id&quot;: &quot;accordion-item-1&quot;, &quot;openByDefault&quot;: false }\" data-wp-init=\"callbacks.initAccordionItems\" data-wp-on-window--hashchange=\"callbacks.hashChange\" class=\"wp-block-accordion-item is-layout-flow wp-block-accordion-item-is-layout-flow\">\n<h3 class=\"wp-block-accordion-heading\"><button aria-expanded=\"false\" aria-controls=\"accordion-item-1-panel\" data-wp-bind--aria-expanded=\"state.isOpen\" data-wp-on--click=\"actions.toggle\" data-wp-on--keydown=\"actions.handleKeyDown\" id=\"accordion-item-1\" type=\"button\" class=\"wp-block-accordion-heading__toggle\"><span class=\"wp-block-accordion-heading__toggle-title\">Tel\u00e9fono<\/span><span class=\"wp-block-accordion-heading__toggle-icon\" aria-hidden=\"true\">+<\/span><\/button><\/h3>\n\n\n\n<div inert aria-labelledby=\"accordion-item-1\" data-wp-bind--inert=\"!state.isOpen\" id=\"accordion-item-1-panel\" role=\"region\" class=\"wp-block-accordion-panel is-layout-flow wp-block-accordion-panel-is-layout-flow\">\n<p>(54-11) 11 \u2013 15- 67627953 \u2013 11- 15-51425533<\/p>\n\n\n\n<h5 class=\"wp-block-heading\">Asist. t\u00e9cnica: (54-11) 4221-9611\u00a0<small><strong>Interno 112<\/strong><\/small><\/h5>\n<\/div>\n<\/div>\n\n\n\n<div data-wp-class--is-open=\"state.isOpen\" data-wp-context=\"{ &quot;id&quot;: &quot;accordion-item-2&quot;, &quot;openByDefault&quot;: false }\" data-wp-init=\"callbacks.initAccordionItems\" data-wp-on-window--hashchange=\"callbacks.hashChange\" class=\"wp-block-accordion-item is-layout-flow wp-block-accordion-item-is-layout-flow\">\n<h3 class=\"wp-block-accordion-heading\"><button aria-expanded=\"false\" aria-controls=\"accordion-item-2-panel\" data-wp-bind--aria-expanded=\"state.isOpen\" data-wp-on--click=\"actions.toggle\" data-wp-on--keydown=\"actions.handleKeyDown\" id=\"accordion-item-2\" type=\"button\" class=\"wp-block-accordion-heading__toggle\"><span class=\"wp-block-accordion-heading__toggle-title\">Direcci\u00f3n<\/span><span class=\"wp-block-accordion-heading__toggle-icon\" aria-hidden=\"true\">+<\/span><\/button><\/h3>\n\n\n\n<div inert aria-labelledby=\"accordion-item-2\" data-wp-bind--inert=\"!state.isOpen\" id=\"accordion-item-2-panel\" role=\"region\" class=\"wp-block-accordion-panel is-layout-flow wp-block-accordion-panel-is-layout-flow\">\n<p>Miguel Can\u00e9 3063 B 1889 \u2013 CN Florencio Varela Buenos Aires Argentina<\/p>\n<\/div>\n<\/div>\n\n\n\n<div data-wp-class--is-open=\"state.isOpen\" data-wp-context=\"{ &quot;id&quot;: &quot;accordion-item-3&quot;, &quot;openByDefault&quot;: false }\" data-wp-init=\"callbacks.initAccordionItems\" data-wp-on-window--hashchange=\"callbacks.hashChange\" class=\"wp-block-accordion-item is-layout-flow wp-block-accordion-item-is-layout-flow\">\n<h3 class=\"wp-block-accordion-heading\"><button aria-expanded=\"false\" aria-controls=\"accordion-item-3-panel\" data-wp-bind--aria-expanded=\"state.isOpen\" data-wp-on--click=\"actions.toggle\" data-wp-on--keydown=\"actions.handleKeyDown\" id=\"accordion-item-3\" type=\"button\" class=\"wp-block-accordion-heading__toggle\"><span class=\"wp-block-accordion-heading__toggle-title\">Sitio Web<\/span><span class=\"wp-block-accordion-heading__toggle-icon\" aria-hidden=\"true\">+<\/span><\/button><\/h3>\n\n\n\n<div inert aria-labelledby=\"accordion-item-3\" data-wp-bind--inert=\"!state.isOpen\" id=\"accordion-item-3-panel\" role=\"region\" class=\"wp-block-accordion-panel is-layout-flow wp-block-accordion-panel-is-layout-flow\">\n<p><a href=\"https:\/\/direth.com.ar\/\" target=\"_blank\" rel=\"noreferrer noopener\">www.direth.com.ar<\/a><\/p>\n<\/div>\n<\/div>\n<\/div>\n\n\n\n<div><iframe src=\"https:\/\/maps.google.com\/maps?q=Direth+Madera+Protegida&amp;z=16&amp;t=m&amp;output=embed\" style=\"border:0;height:300px;width:100%\"><\/iframe><\/div>\n<\/div>\n<\/div>\n","protected":false},"excerpt":{"rendered":"<p>QU\u00cdMICA BOSQUES S.A., empresa dedicada al dise\u00f1o, desarrollo, fabricaci\u00f3n y comercializaci\u00f3n de\u00a0Protectores, Preservadores e Ign\u00edfugos\u00a0para madera, productos para recubrimiento y mantenimiento de superficies, ha decidido implementar un Sistema de Gesti\u00f3n Integrado de Calidad y Medioambiente basado en las normas ISO 9001 e ISO 14001 para mejorar su organizaci\u00f3n interna, ofrecer productos confiables a sus clientes [&hellip;]<\/p>\n","protected":false},"featured_media":10634,"template":"","meta":{"footnotes":""},"rubros":[21],"class_list":{"0":"post-10632","1":"empresa","2":"type-empresa","3":"status-publish","4":"has-post-thumbnail","6":"rubros-preservantes-curadores"},"yoast_head":"<!-- This site is optimized with the Yoast SEO plugin v27.4 - https:\/\/yoast.com\/product\/yoast-seo-wordpress\/ -->\n<title>Qu\u00edmica Bosques S.A. - Direth \u2013 Madera protegida.<\/title>\n<meta name=\"description\" content=\"Encontr\u00e1 toda la variedad de productos y formas de comercializaci\u00f3n de Qu\u00edmica Bosques en el micrositio institucional de Todo Madera.\" \/>\n<meta name=\"robots\" content=\"index, follow, max-snippet:-1, max-image-preview:large, max-video-preview:-1\" \/>\n<link rel=\"canonical\" href=\"https:\/\/maderamen.com.ar\/todo-madera\/empresas\/direth-madera-protegida\/\" \/>\n<meta property=\"og:locale\" content=\"es_ES\" \/>\n<meta property=\"og:type\" content=\"article\" \/>\n<meta property=\"og:title\" content=\"Qu\u00edmica Bosques S.A. - Direth \u2013 Madera protegida.\" \/>\n<meta property=\"og:description\" content=\"Encontr\u00e1 toda la variedad de productos y formas de comercializaci\u00f3n de Qu\u00edmica Bosques en el micrositio institucional de Todo Madera.\" \/>\n<meta property=\"og:url\" content=\"https:\/\/maderamen.com.ar\/todo-madera\/empresas\/direth-madera-protegida\/\" \/>\n<meta property=\"og:site_name\" content=\"Todo Madera\" \/>\n<meta property=\"article:publisher\" content=\"https:\/\/www.facebook.com\/Maderamen.Argentina\/\" \/>\n<meta property=\"article:modified_time\" content=\"2026-03-24T23:52:59+00:00\" \/>\n<meta property=\"og:image\" content=\"https:\/\/maderamen.com.ar\/todo-madera\/wp-content\/uploads\/sites\/3\/2019\/10\/techos-de-casa-superior-1.jpg\" \/>\n\t<meta property=\"og:image:width\" content=\"1345\" \/>\n\t<meta property=\"og:image:height\" content=\"459\" \/>\n\t<meta property=\"og:image:type\" content=\"image\/jpeg\" \/>\n<meta name=\"twitter:card\" content=\"summary_large_image\" \/>\n<meta name=\"twitter:site\" content=\"@DesarrolloFores\" \/>\n<meta name=\"twitter:label1\" content=\"Tiempo de lectura\" \/>\n\t<meta name=\"twitter:data1\" content=\"2 minutos\" \/>\n<script type=\"application\/ld+json\" class=\"yoast-schema-graph\">{\"@context\":\"https:\\\/\\\/schema.org\",\"@graph\":[{\"@type\":\"WebPage\",\"@id\":\"https:\\\/\\\/maderamen.com.ar\\\/todo-madera\\\/empresas\\\/direth-madera-protegida\\\/\",\"url\":\"https:\\\/\\\/maderamen.com.ar\\\/todo-madera\\\/empresas\\\/direth-madera-protegida\\\/\",\"name\":\"Qu\u00edmica Bosques S.A. - Direth \u2013 Madera protegida.\",\"isPartOf\":{\"@id\":\"https:\\\/\\\/maderamen.com.ar\\\/todo-madera\\\/#website\"},\"primaryImageOfPage\":{\"@id\":\"https:\\\/\\\/maderamen.com.ar\\\/todo-madera\\\/empresas\\\/direth-madera-protegida\\\/#primaryimage\"},\"image\":{\"@id\":\"https:\\\/\\\/maderamen.com.ar\\\/todo-madera\\\/empresas\\\/direth-madera-protegida\\\/#primaryimage\"},\"thumbnailUrl\":\"https:\\\/\\\/maderamen.com.ar\\\/todo-madera\\\/wp-content\\\/uploads\\\/sites\\\/3\\\/2019\\\/10\\\/techos-de-casa-superior-1.jpg\",\"datePublished\":\"2019-10-28T15:33:33+00:00\",\"dateModified\":\"2026-03-24T23:52:59+00:00\",\"description\":\"Encontr\u00e1 toda la variedad de productos y formas de comercializaci\u00f3n de Qu\u00edmica Bosques en el micrositio institucional de Todo Madera.\",\"breadcrumb\":{\"@id\":\"https:\\\/\\\/maderamen.com.ar\\\/todo-madera\\\/empresas\\\/direth-madera-protegida\\\/#breadcrumb\"},\"inLanguage\":\"es\",\"potentialAction\":[{\"@type\":\"ReadAction\",\"target\":[\"https:\\\/\\\/maderamen.com.ar\\\/todo-madera\\\/empresas\\\/direth-madera-protegida\\\/\"]}]},{\"@type\":\"ImageObject\",\"inLanguage\":\"es\",\"@id\":\"https:\\\/\\\/maderamen.com.ar\\\/todo-madera\\\/empresas\\\/direth-madera-protegida\\\/#primaryimage\",\"url\":\"https:\\\/\\\/maderamen.com.ar\\\/todo-madera\\\/wp-content\\\/uploads\\\/sites\\\/3\\\/2019\\\/10\\\/techos-de-casa-superior-1.jpg\",\"contentUrl\":\"https:\\\/\\\/maderamen.com.ar\\\/todo-madera\\\/wp-content\\\/uploads\\\/sites\\\/3\\\/2019\\\/10\\\/techos-de-casa-superior-1.jpg\",\"width\":1345,\"height\":459},{\"@type\":\"BreadcrumbList\",\"@id\":\"https:\\\/\\\/maderamen.com.ar\\\/todo-madera\\\/empresas\\\/direth-madera-protegida\\\/#breadcrumb\",\"itemListElement\":[{\"@type\":\"ListItem\",\"position\":1,\"name\":\"Portada\",\"item\":\"https:\\\/\\\/maderamen.com.ar\\\/todo-madera\\\/\"},{\"@type\":\"ListItem\",\"position\":2,\"name\":\"Qu\u00edmica Bosques S.A. &#8211; Direth \u2013 Protectores, Preservadores e Ign\u00edfugos para madera\"}]},{\"@type\":\"WebSite\",\"@id\":\"https:\\\/\\\/maderamen.com.ar\\\/todo-madera\\\/#website\",\"url\":\"https:\\\/\\\/maderamen.com.ar\\\/todo-madera\\\/\",\"name\":\"Todo Madera\",\"description\":\"Noticias sobre madera y construcci\u00f3n\",\"publisher\":{\"@id\":\"https:\\\/\\\/maderamen.com.ar\\\/todo-madera\\\/#organization\"},\"potentialAction\":[{\"@type\":\"SearchAction\",\"target\":{\"@type\":\"EntryPoint\",\"urlTemplate\":\"https:\\\/\\\/maderamen.com.ar\\\/todo-madera\\\/?s={search_term_string}\"},\"query-input\":{\"@type\":\"PropertyValueSpecification\",\"valueRequired\":true,\"valueName\":\"search_term_string\"}}],\"inLanguage\":\"es\"},{\"@type\":\"Organization\",\"@id\":\"https:\\\/\\\/maderamen.com.ar\\\/todo-madera\\\/#organization\",\"name\":\"Maderamen\",\"url\":\"https:\\\/\\\/maderamen.com.ar\\\/todo-madera\\\/\",\"logo\":{\"@type\":\"ImageObject\",\"inLanguage\":\"es\",\"@id\":\"https:\\\/\\\/maderamen.com.ar\\\/todo-madera\\\/#\\\/schema\\\/logo\\\/image\\\/\",\"url\":\"https:\\\/\\\/maderamen.com.ar\\\/todo-madera\\\/wp-content\\\/uploads\\\/sites\\\/3\\\/2017\\\/09\\\/logo-maderamen-s.png\",\"contentUrl\":\"https:\\\/\\\/maderamen.com.ar\\\/todo-madera\\\/wp-content\\\/uploads\\\/sites\\\/3\\\/2017\\\/09\\\/logo-maderamen-s.png\",\"width\":250,\"height\":246,\"caption\":\"Maderamen\"},\"image\":{\"@id\":\"https:\\\/\\\/maderamen.com.ar\\\/todo-madera\\\/#\\\/schema\\\/logo\\\/image\\\/\"},\"sameAs\":[\"https:\\\/\\\/www.facebook.com\\\/Maderamen.Argentina\\\/\",\"https:\\\/\\\/x.com\\\/DesarrolloFores\",\"https:\\\/\\\/www.youtube.com\\\/channel\\\/UCeYU2-_JRTYYpgHoyhTT2Fg\",\"https:\\\/\\\/www.instagram.com\\\/maderamen.ok\\\/\",\"https:\\\/\\\/www.linkedin.com\\\/company\\\/maderameneditorial\\\/\"]}]}<\/script>\n<!-- \/ Yoast SEO plugin. -->","yoast_head_json":{"title":"Qu\u00edmica Bosques S.A. - Direth \u2013 Madera protegida.","description":"Encontr\u00e1 toda la variedad de productos y formas de comercializaci\u00f3n de Qu\u00edmica Bosques en el micrositio institucional de Todo Madera.","robots":{"index":"index","follow":"follow","max-snippet":"max-snippet:-1","max-image-preview":"max-image-preview:large","max-video-preview":"max-video-preview:-1"},"canonical":"https:\/\/maderamen.com.ar\/todo-madera\/empresas\/direth-madera-protegida\/","og_locale":"es_ES","og_type":"article","og_title":"Qu\u00edmica Bosques S.A. - Direth \u2013 Madera protegida.","og_description":"Encontr\u00e1 toda la variedad de productos y formas de comercializaci\u00f3n de Qu\u00edmica Bosques en el micrositio institucional de Todo Madera.","og_url":"https:\/\/maderamen.com.ar\/todo-madera\/empresas\/direth-madera-protegida\/","og_site_name":"Todo Madera","article_publisher":"https:\/\/www.facebook.com\/Maderamen.Argentina\/","article_modified_time":"2026-03-24T23:52:59+00:00","og_image":[{"width":1345,"height":459,"url":"https:\/\/maderamen.com.ar\/todo-madera\/wp-content\/uploads\/sites\/3\/2019\/10\/techos-de-casa-superior-1.jpg","type":"image\/jpeg"}],"twitter_card":"summary_large_image","twitter_site":"@DesarrolloFores","twitter_misc":{"Tiempo de lectura":"2 minutos"},"schema":{"@context":"https:\/\/schema.org","@graph":[{"@type":"WebPage","@id":"https:\/\/maderamen.com.ar\/todo-madera\/empresas\/direth-madera-protegida\/","url":"https:\/\/maderamen.com.ar\/todo-madera\/empresas\/direth-madera-protegida\/","name":"Qu\u00edmica Bosques S.A. - Direth \u2013 Madera protegida.","isPartOf":{"@id":"https:\/\/maderamen.com.ar\/todo-madera\/#website"},"primaryImageOfPage":{"@id":"https:\/\/maderamen.com.ar\/todo-madera\/empresas\/direth-madera-protegida\/#primaryimage"},"image":{"@id":"https:\/\/maderamen.com.ar\/todo-madera\/empresas\/direth-madera-protegida\/#primaryimage"},"thumbnailUrl":"https:\/\/maderamen.com.ar\/todo-madera\/wp-content\/uploads\/sites\/3\/2019\/10\/techos-de-casa-superior-1.jpg","datePublished":"2019-10-28T15:33:33+00:00","dateModified":"2026-03-24T23:52:59+00:00","description":"Encontr\u00e1 toda la variedad de productos y formas de comercializaci\u00f3n de Qu\u00edmica Bosques en el micrositio institucional de Todo Madera.","breadcrumb":{"@id":"https:\/\/maderamen.com.ar\/todo-madera\/empresas\/direth-madera-protegida\/#breadcrumb"},"inLanguage":"es","potentialAction":[{"@type":"ReadAction","target":["https:\/\/maderamen.com.ar\/todo-madera\/empresas\/direth-madera-protegida\/"]}]},{"@type":"ImageObject","inLanguage":"es","@id":"https:\/\/maderamen.com.ar\/todo-madera\/empresas\/direth-madera-protegida\/#primaryimage","url":"https:\/\/maderamen.com.ar\/todo-madera\/wp-content\/uploads\/sites\/3\/2019\/10\/techos-de-casa-superior-1.jpg","contentUrl":"https:\/\/maderamen.com.ar\/todo-madera\/wp-content\/uploads\/sites\/3\/2019\/10\/techos-de-casa-superior-1.jpg","width":1345,"height":459},{"@type":"BreadcrumbList","@id":"https:\/\/maderamen.com.ar\/todo-madera\/empresas\/direth-madera-protegida\/#breadcrumb","itemListElement":[{"@type":"ListItem","position":1,"name":"Portada","item":"https:\/\/maderamen.com.ar\/todo-madera\/"},{"@type":"ListItem","position":2,"name":"Qu\u00edmica Bosques S.A. &#8211; Direth \u2013 Protectores, Preservadores e Ign\u00edfugos para madera"}]},{"@type":"WebSite","@id":"https:\/\/maderamen.com.ar\/todo-madera\/#website","url":"https:\/\/maderamen.com.ar\/todo-madera\/","name":"Todo Madera","description":"Noticias sobre madera y construcci\u00f3n","publisher":{"@id":"https:\/\/maderamen.com.ar\/todo-madera\/#organization"},"potentialAction":[{"@type":"SearchAction","target":{"@type":"EntryPoint","urlTemplate":"https:\/\/maderamen.com.ar\/todo-madera\/?s={search_term_string}"},"query-input":{"@type":"PropertyValueSpecification","valueRequired":true,"valueName":"search_term_string"}}],"inLanguage":"es"},{"@type":"Organization","@id":"https:\/\/maderamen.com.ar\/todo-madera\/#organization","name":"Maderamen","url":"https:\/\/maderamen.com.ar\/todo-madera\/","logo":{"@type":"ImageObject","inLanguage":"es","@id":"https:\/\/maderamen.com.ar\/todo-madera\/#\/schema\/logo\/image\/","url":"https:\/\/maderamen.com.ar\/todo-madera\/wp-content\/uploads\/sites\/3\/2017\/09\/logo-maderamen-s.png","contentUrl":"https:\/\/maderamen.com.ar\/todo-madera\/wp-content\/uploads\/sites\/3\/2017\/09\/logo-maderamen-s.png","width":250,"height":246,"caption":"Maderamen"},"image":{"@id":"https:\/\/maderamen.com.ar\/todo-madera\/#\/schema\/logo\/image\/"},"sameAs":["https:\/\/www.facebook.com\/Maderamen.Argentina\/","https:\/\/x.com\/DesarrolloFores","https:\/\/www.youtube.com\/channel\/UCeYU2-_JRTYYpgHoyhTT2Fg","https:\/\/www.instagram.com\/maderamen.ok\/","https:\/\/www.linkedin.com\/company\/maderameneditorial\/"]}]}},"_links":{"self":[{"href":"https:\/\/maderamen.com.ar\/todo-madera\/wp-json\/wp\/v2\/empresa\/10632","targetHints":{"allow":["GET"]}}],"collection":[{"href":"https:\/\/maderamen.com.ar\/todo-madera\/wp-json\/wp\/v2\/empresa"}],"about":[{"href":"https:\/\/maderamen.com.ar\/todo-madera\/wp-json\/wp\/v2\/types\/empresa"}],"version-history":[{"count":1,"href":"https:\/\/maderamen.com.ar\/todo-madera\/wp-json\/wp\/v2\/empresa\/10632\/revisions"}],"predecessor-version":[{"id":14102,"href":"https:\/\/maderamen.com.ar\/todo-madera\/wp-json\/wp\/v2\/empresa\/10632\/revisions\/14102"}],"wp:featuredmedia":[{"embeddable":true,"href":"https:\/\/maderamen.com.ar\/todo-madera\/wp-json\/wp\/v2\/media\/10634"}],"wp:attachment":[{"href":"https:\/\/maderamen.com.ar\/todo-madera\/wp-json\/wp\/v2\/media?parent=10632"}],"wp:term":[{"taxonomy":"rubros","embeddable":true,"href":"https:\/\/maderamen.com.ar\/todo-madera\/wp-json\/wp\/v2\/rubros?post=10632"}],"curies":[{"name":"wp","href":"https:\/\/api.w.org\/{rel}","templated":true}]}}