{"id":14619,"date":"2023-06-07T18:28:47","date_gmt":"2023-06-07T21:28:47","guid":{"rendered":"https:\/\/maderamen.com.ar\/dyf-muebles\/?post_type=producto&#038;p=14619"},"modified":"2026-03-25T19:15:24","modified_gmt":"2026-03-25T22:15:24","slug":"melamina-faplac-linea-etnica","status":"publish","type":"producto","link":"https:\/\/maderamen.com.ar\/dyf-muebles\/productos\/melamina-faplac-linea-etnica\/","title":{"rendered":"Melamina FAPLAC l\u00ednea \u00c9tnica"},"content":{"rendered":"\n<div class=\"wp-block-columns is-layout-flex wp-container-core-columns-is-layout-9d6595d7 wp-block-columns-is-layout-flex\">\n<div class=\"wp-block-column is-layout-flow wp-block-column-is-layout-flow\" style=\"flex-basis:66.66%\">\n<div class=\"wp-block-gutena-tabs gutena-tabs-block gutena-tabs-block-f7aa51-72\"><ul class=\"gutena-tabs-tab tab-flex\"><li class=\"gutena-tab-title active\" data-tab=\"1\"><div class=\"gutena-tab-title-content icon-top\"><div class=\"gutena-tab-title-text\"><div>Descripci\u00f3n<\/div><\/div><\/div><\/li><li class=\"gutena-tab-title inactive\" data-tab=\"2\"><div class=\"gutena-tab-title-content icon-top\"><div class=\"gutena-tab-title-text\"><div>Variedad<\/div><\/div><\/div><\/li><\/ul><div class=\"gutena-tabs-content is-layout-flow wp-block-gutena-tabs-is-layout-flow\">\n<div class=\"wp-block-gutena-tab gutena-tab-block gutena-tab-block-7b7e10-55 active\" data-tab=\"1\">\n<p style=\"margin-top:0;margin-bottom:0\">Unicolores con una textura \u00fanica. Los dise\u00f1os de esta l\u00ednea nos remiten a la tierra, a lo ancestral.<\/p>\n\n\n\n<p>Seleccionados para ser perfectamente combinados con diferentes tonalidades de maderas y materiales.<\/p>\n\n\n\n<p>Su textura Deep Matt se destaca por su toque \u00fanico y elegante, creando una sensaci\u00f3n de suavidad aterciopelada. Al combinarse con su especial acabado ante, la estructura cumple su promesa: sent\u00eds lo que visualmente esper\u00e1s.<\/p>\n\n\n\n<p><strong>Safari:&nbsp;<\/strong>para crear el equilibrio perfecto entre la naturaleza y la armon\u00eda de las maderas, se encuentra el dise\u00f1o Safari. Su tonalidad transmite la conexi\u00f3n con tus ra\u00edces.<\/p>\n\n\n\n<p><strong>Tuareg:<\/strong>&nbsp;es el dise\u00f1o perfecto para componer un ambiente con identidad y elegancia.<\/p>\n\n\n\n<p><strong>Everest:<\/strong>&nbsp;el dise\u00f1o ideal para los espacios que necesitan pura claridad.<\/p>\n\n\n\n<p><strong>Himalaya:<\/strong>&nbsp;es un dise\u00f1o contempor\u00e1neo que crea la sensaci\u00f3n de suavidad y delicadeza.<\/p>\n\n\n\n<p><strong>Sahara:&nbsp;<\/strong>est\u00e1 pensado para aquellos ambientes que necesitan un dise\u00f1o neutro para combinar con los distintos lugares de tu hogar.<\/p>\n\n\n\n<p style=\"margin-top:0;margin-bottom:0\"><strong>Tribal:&nbsp;<\/strong>&nbsp;es una mezcla de colores tierras, que marca la diferencia para crear una decoraci\u00f3n minimalista y nativa en tus ambientes.<\/p>\n<\/div>\n\n\n\n<div class=\"wp-block-gutena-tab gutena-tab-block gutena-tab-block-aa72c2-a8 inactive\" data-tab=\"2\">\n<p style=\"margin-top:0;margin-bottom:0\">FAPLAC Melamina se inspira en los estilos de vida contempor\u00e1neos, simples, minimalistas y en la b\u00fasqueda de espacios que se conectan con la naturaleza y el dise\u00f1o, ofreciendo nuevas soluciones creativas para el dise\u00f1o de muebles y de ambientes en productos y servicios a trav\u00e9s de sus especialistas en las \u00e1reas de t\u00e9cnica y comercial.<\/p>\n<\/div>\n<\/div><\/div>\n\n\n\n<figure class=\"wp-block-embed is-type-video is-provider-youtube wp-block-embed-youtube wp-embed-aspect-16-9 wp-has-aspect-ratio\"><div class=\"wp-block-embed__wrapper\">\n<iframe loading=\"lazy\" title=\"Faplac L\u00ednea Etnica\" width=\"696\" height=\"392\" src=\"https:\/\/www.youtube.com\/embed\/NpJs2Y8XQCs?feature=oembed\" frameborder=\"0\" allow=\"accelerometer; autoplay; clipboard-write; encrypted-media; gyroscope; picture-in-picture; web-share\" referrerpolicy=\"strict-origin-when-cross-origin\" allowfullscreen><\/iframe>\n<\/div><\/figure>\n<\/div>\n\n\n\n<div class=\"wp-block-column is-layout-flow wp-block-column-is-layout-flow\" style=\"flex-basis:33.33%\"><div class=\"wp-block-image\">\n<figure class=\"aligncenter is-resized\"><a class=\"vc_single_image-wrapper   vc_box_border_grey prettyphoto\" href=\"https:\/\/maderamen.com.ar\/dyf-muebles\/wp-content\/uploads\/sites\/4\/2023\/06\/0891-2126-safari-60x130.jpg\" target=\"_blank\" rel=\" noreferrer noopener\"><img decoding=\"async\" src=\"https:\/\/maderamen.com.ar\/dyf-muebles\/wp-content\/uploads\/sites\/4\/2023\/06\/0891-2126-safari-60x130.jpg\" alt=\"\" style=\"width:250px\"\/><\/a><figcaption class=\"wp-element-caption\">Safari<\/figcaption><\/figure>\n<\/div>\n\n<div class=\"wp-block-image\">\n<figure class=\"aligncenter is-resized\"><a class=\"vc_single_image-wrapper   vc_box_border_grey prettyphoto\" href=\"https:\/\/maderamen.com.ar\/dyf-muebles\/wp-content\/uploads\/sites\/4\/2023\/06\/0891-2058-tuareg-60x130.jpg\" target=\"_blank\" rel=\" noreferrer noopener\"><img decoding=\"async\" src=\"https:\/\/maderamen.com.ar\/dyf-muebles\/wp-content\/uploads\/sites\/4\/2023\/06\/0891-2058-tuareg-60x130.jpg\" alt=\"\" style=\"width:250px\"\/><\/a><figcaption class=\"wp-element-caption\">Tuareg<\/figcaption><\/figure>\n<\/div>\n\n<div class=\"wp-block-image\">\n<figure class=\"aligncenter is-resized\"><a class=\"vc_single_image-wrapper   vc_box_border_grey prettyphoto\" href=\"https:\/\/maderamen.com.ar\/dyf-muebles\/wp-content\/uploads\/sites\/4\/2023\/06\/everest-1.jpg\" target=\"_blank\" rel=\" noreferrer noopener\"><img decoding=\"async\" src=\"https:\/\/maderamen.com.ar\/dyf-muebles\/wp-content\/uploads\/sites\/4\/2023\/06\/everest-1.jpg\" alt=\"\" style=\"width:250px\"\/><\/a><figcaption class=\"wp-element-caption\">Everest<\/figcaption><\/figure>\n<\/div>\n\n<div class=\"wp-block-image\">\n<figure class=\"aligncenter is-resized\"><a class=\"vc_single_image-wrapper   vc_box_border_grey prettyphoto\" href=\"https:\/\/maderamen.com.ar\/dyf-muebles\/wp-content\/uploads\/sites\/4\/2023\/06\/himalaya.jpg\" target=\"_blank\" rel=\" noreferrer noopener\"><img decoding=\"async\" src=\"https:\/\/maderamen.com.ar\/dyf-muebles\/wp-content\/uploads\/sites\/4\/2023\/06\/himalaya.jpg\" alt=\"\" style=\"width:250px\"\/><\/a><figcaption class=\"wp-element-caption\">Himalaya<\/figcaption><\/figure>\n<\/div>\n\n<div class=\"wp-block-image\">\n<figure class=\"aligncenter is-resized\"><a class=\"vc_single_image-wrapper   vc_box_border_grey prettyphoto\" href=\"https:\/\/maderamen.com.ar\/dyf-muebles\/wp-content\/uploads\/sites\/4\/2023\/06\/sahara.jpg\" target=\"_blank\" rel=\" noreferrer noopener\"><img decoding=\"async\" src=\"https:\/\/maderamen.com.ar\/dyf-muebles\/wp-content\/uploads\/sites\/4\/2023\/06\/sahara.jpg\" alt=\"\" style=\"width:250px\"\/><\/a><figcaption class=\"wp-element-caption\">Sahara<\/figcaption><\/figure>\n<\/div>\n\n<div class=\"wp-block-image\">\n<figure class=\"aligncenter is-resized\"><a class=\"vc_single_image-wrapper   vc_box_border_grey prettyphoto\" href=\"https:\/\/maderamen.com.ar\/dyf-muebles\/wp-content\/uploads\/sites\/4\/2023\/06\/tribal_unicolor_8300_371.jpg\" target=\"_blank\" rel=\" noreferrer noopener\"><img decoding=\"async\" src=\"https:\/\/maderamen.com.ar\/dyf-muebles\/wp-content\/uploads\/sites\/4\/2023\/06\/tribal_unicolor_8300_371.jpg\" alt=\"\" style=\"width:250px\"\/><\/a><figcaption class=\"wp-element-caption\">Tribal<\/figcaption><\/figure>\n<\/div><\/div>\n<\/div>\n\n\n\n<p><\/p>\n","protected":false},"excerpt":{"rendered":"","protected":false},"featured_media":14620,"template":"","meta":{"footnotes":""},"rubros":[56],"class_list":{"0":"post-14619","1":"producto","2":"type-producto","3":"status-publish","4":"has-post-thumbnail","6":"rubros-paneles"},"yoast_head":"<!-- This site is optimized with the Yoast SEO plugin v27.4 - https:\/\/yoast.com\/product\/yoast-seo-wordpress\/ -->\n<title>Melamina FAPLAC l\u00ednea \u00c9tnica - Arauco en el Micrositio D&amp;F Muebles<\/title>\n<meta name=\"description\" content=\"melamina faplac l\u00ednea \u00c9tnica: Unicolores con una textura \u00fanica. Los dise\u00f1os de esta l\u00ednea nos remiten a la tierra, a lo ancestral\" \/>\n<meta name=\"robots\" content=\"index, follow, max-snippet:-1, max-image-preview:large, max-video-preview:-1\" \/>\n<link rel=\"canonical\" href=\"https:\/\/maderamen.com.ar\/dyf-muebles\/productos\/melamina-faplac-linea-etnica\/\" \/>\n<meta property=\"og:locale\" content=\"es_ES\" \/>\n<meta property=\"og:type\" content=\"article\" \/>\n<meta property=\"og:title\" content=\"Melamina FAPLAC l\u00ednea \u00c9tnica - Arauco en el Micrositio D&amp;F Muebles\" \/>\n<meta property=\"og:description\" content=\"melamina faplac l\u00ednea \u00c9tnica: Unicolores con una textura \u00fanica. Los dise\u00f1os de esta l\u00ednea nos remiten a la tierra, a lo ancestral\" \/>\n<meta property=\"og:url\" content=\"https:\/\/maderamen.com.ar\/dyf-muebles\/productos\/melamina-faplac-linea-etnica\/\" \/>\n<meta property=\"og:site_name\" content=\"D&amp;F Muebles\" \/>\n<meta property=\"article:publisher\" content=\"https:\/\/www.facebook.com\/Maderamen.Argentina\/\" \/>\n<meta property=\"article:modified_time\" content=\"2026-03-25T22:15:24+00:00\" \/>\n<meta property=\"og:image\" content=\"https:\/\/maderamen.com.ar\/dyf-muebles\/wp-content\/uploads\/sites\/4\/2023\/06\/logo-linea-etnia.jpg\" \/>\n\t<meta property=\"og:image:width\" content=\"468\" \/>\n\t<meta property=\"og:image:height\" content=\"504\" \/>\n\t<meta property=\"og:image:type\" content=\"image\/jpeg\" \/>\n<meta name=\"twitter:card\" content=\"summary_large_image\" \/>\n<meta name=\"twitter:site\" content=\"@DesarrolloFores\" \/>\n<meta name=\"twitter:label1\" content=\"Tiempo de lectura\" \/>\n\t<meta name=\"twitter:data1\" content=\"3 minutos\" \/>\n<script type=\"application\/ld+json\" class=\"yoast-schema-graph\">{\"@context\":\"https:\\\/\\\/schema.org\",\"@graph\":[{\"@type\":\"WebPage\",\"@id\":\"https:\\\/\\\/maderamen.com.ar\\\/dyf-muebles\\\/productos\\\/melamina-faplac-linea-etnica\\\/\",\"url\":\"https:\\\/\\\/maderamen.com.ar\\\/dyf-muebles\\\/productos\\\/melamina-faplac-linea-etnica\\\/\",\"name\":\"Melamina FAPLAC l\u00ednea \u00c9tnica - Arauco en el Micrositio D&F Muebles\",\"isPartOf\":{\"@id\":\"https:\\\/\\\/maderamen.com.ar\\\/dyf-muebles\\\/#website\"},\"primaryImageOfPage\":{\"@id\":\"https:\\\/\\\/maderamen.com.ar\\\/dyf-muebles\\\/productos\\\/melamina-faplac-linea-etnica\\\/#primaryimage\"},\"image\":{\"@id\":\"https:\\\/\\\/maderamen.com.ar\\\/dyf-muebles\\\/productos\\\/melamina-faplac-linea-etnica\\\/#primaryimage\"},\"thumbnailUrl\":\"https:\\\/\\\/maderamen.com.ar\\\/dyf-muebles\\\/wp-content\\\/uploads\\\/sites\\\/4\\\/2023\\\/06\\\/logo-linea-etnia.jpg\",\"datePublished\":\"2023-06-07T21:28:47+00:00\",\"dateModified\":\"2026-03-25T22:15:24+00:00\",\"description\":\"melamina faplac l\u00ednea \u00c9tnica: Unicolores con una textura \u00fanica. Los dise\u00f1os de esta l\u00ednea nos remiten a la tierra, a lo ancestral\",\"breadcrumb\":{\"@id\":\"https:\\\/\\\/maderamen.com.ar\\\/dyf-muebles\\\/productos\\\/melamina-faplac-linea-etnica\\\/#breadcrumb\"},\"inLanguage\":\"es\",\"potentialAction\":[{\"@type\":\"ReadAction\",\"target\":[\"https:\\\/\\\/maderamen.com.ar\\\/dyf-muebles\\\/productos\\\/melamina-faplac-linea-etnica\\\/\"]}]},{\"@type\":\"ImageObject\",\"inLanguage\":\"es\",\"@id\":\"https:\\\/\\\/maderamen.com.ar\\\/dyf-muebles\\\/productos\\\/melamina-faplac-linea-etnica\\\/#primaryimage\",\"url\":\"https:\\\/\\\/maderamen.com.ar\\\/dyf-muebles\\\/wp-content\\\/uploads\\\/sites\\\/4\\\/2023\\\/06\\\/logo-linea-etnia.jpg\",\"contentUrl\":\"https:\\\/\\\/maderamen.com.ar\\\/dyf-muebles\\\/wp-content\\\/uploads\\\/sites\\\/4\\\/2023\\\/06\\\/logo-linea-etnia.jpg\",\"width\":468,\"height\":504},{\"@type\":\"BreadcrumbList\",\"@id\":\"https:\\\/\\\/maderamen.com.ar\\\/dyf-muebles\\\/productos\\\/melamina-faplac-linea-etnica\\\/#breadcrumb\",\"itemListElement\":[{\"@type\":\"ListItem\",\"position\":1,\"name\":\"Portada\",\"item\":\"https:\\\/\\\/maderamen.com.ar\\\/dyf-muebles\\\/\"},{\"@type\":\"ListItem\",\"position\":2,\"name\":\"Melamina FAPLAC l\u00ednea \u00c9tnica\"}]},{\"@type\":\"WebSite\",\"@id\":\"https:\\\/\\\/maderamen.com.ar\\\/dyf-muebles\\\/#website\",\"url\":\"https:\\\/\\\/maderamen.com.ar\\\/dyf-muebles\\\/\",\"name\":\"D&F Muebles\",\"description\":\"Noticias sobre Dise\u00f1o y Fabricaci\u00f3n de muebles en madera\",\"publisher\":{\"@id\":\"https:\\\/\\\/maderamen.com.ar\\\/dyf-muebles\\\/#organization\"},\"potentialAction\":[{\"@type\":\"SearchAction\",\"target\":{\"@type\":\"EntryPoint\",\"urlTemplate\":\"https:\\\/\\\/maderamen.com.ar\\\/dyf-muebles\\\/?s={search_term_string}\"},\"query-input\":{\"@type\":\"PropertyValueSpecification\",\"valueRequired\":true,\"valueName\":\"search_term_string\"}}],\"inLanguage\":\"es\"},{\"@type\":\"Organization\",\"@id\":\"https:\\\/\\\/maderamen.com.ar\\\/dyf-muebles\\\/#organization\",\"name\":\"Maderamen\",\"url\":\"https:\\\/\\\/maderamen.com.ar\\\/dyf-muebles\\\/\",\"logo\":{\"@type\":\"ImageObject\",\"inLanguage\":\"es\",\"@id\":\"https:\\\/\\\/maderamen.com.ar\\\/dyf-muebles\\\/#\\\/schema\\\/logo\\\/image\\\/\",\"url\":\"https:\\\/\\\/maderamen.com.ar\\\/dyf-muebles\\\/wp-content\\\/uploads\\\/sites\\\/4\\\/2017\\\/09\\\/logo-maderamen-s.png\",\"contentUrl\":\"https:\\\/\\\/maderamen.com.ar\\\/dyf-muebles\\\/wp-content\\\/uploads\\\/sites\\\/4\\\/2017\\\/09\\\/logo-maderamen-s.png\",\"width\":250,\"height\":246,\"caption\":\"Maderamen\"},\"image\":{\"@id\":\"https:\\\/\\\/maderamen.com.ar\\\/dyf-muebles\\\/#\\\/schema\\\/logo\\\/image\\\/\"},\"sameAs\":[\"https:\\\/\\\/www.facebook.com\\\/Maderamen.Argentina\\\/\",\"https:\\\/\\\/x.com\\\/DesarrolloFores\",\"https:\\\/\\\/www.youtube.com\\\/channel\\\/UCeYU2-_JRTYYpgHoyhTT2Fg\",\"https:\\\/\\\/www.instagram.com\\\/maderamen.ok\\\/\",\"https:\\\/\\\/www.linkedin.com\\\/company\\\/maderameneditorial\\\/\"]}]}<\/script>\n<!-- \/ Yoast SEO plugin. -->","yoast_head_json":{"title":"Melamina FAPLAC l\u00ednea \u00c9tnica - Arauco en el Micrositio D&F Muebles","description":"melamina faplac l\u00ednea \u00c9tnica: Unicolores con una textura \u00fanica. Los dise\u00f1os de esta l\u00ednea nos remiten a la tierra, a lo ancestral","robots":{"index":"index","follow":"follow","max-snippet":"max-snippet:-1","max-image-preview":"max-image-preview:large","max-video-preview":"max-video-preview:-1"},"canonical":"https:\/\/maderamen.com.ar\/dyf-muebles\/productos\/melamina-faplac-linea-etnica\/","og_locale":"es_ES","og_type":"article","og_title":"Melamina FAPLAC l\u00ednea \u00c9tnica - Arauco en el Micrositio D&F Muebles","og_description":"melamina faplac l\u00ednea \u00c9tnica: Unicolores con una textura \u00fanica. Los dise\u00f1os de esta l\u00ednea nos remiten a la tierra, a lo ancestral","og_url":"https:\/\/maderamen.com.ar\/dyf-muebles\/productos\/melamina-faplac-linea-etnica\/","og_site_name":"D&amp;F Muebles","article_publisher":"https:\/\/www.facebook.com\/Maderamen.Argentina\/","article_modified_time":"2026-03-25T22:15:24+00:00","og_image":[{"width":468,"height":504,"url":"https:\/\/maderamen.com.ar\/dyf-muebles\/wp-content\/uploads\/sites\/4\/2023\/06\/logo-linea-etnia.jpg","type":"image\/jpeg"}],"twitter_card":"summary_large_image","twitter_site":"@DesarrolloFores","twitter_misc":{"Tiempo de lectura":"3 minutos"},"schema":{"@context":"https:\/\/schema.org","@graph":[{"@type":"WebPage","@id":"https:\/\/maderamen.com.ar\/dyf-muebles\/productos\/melamina-faplac-linea-etnica\/","url":"https:\/\/maderamen.com.ar\/dyf-muebles\/productos\/melamina-faplac-linea-etnica\/","name":"Melamina FAPLAC l\u00ednea \u00c9tnica - Arauco en el Micrositio D&F Muebles","isPartOf":{"@id":"https:\/\/maderamen.com.ar\/dyf-muebles\/#website"},"primaryImageOfPage":{"@id":"https:\/\/maderamen.com.ar\/dyf-muebles\/productos\/melamina-faplac-linea-etnica\/#primaryimage"},"image":{"@id":"https:\/\/maderamen.com.ar\/dyf-muebles\/productos\/melamina-faplac-linea-etnica\/#primaryimage"},"thumbnailUrl":"https:\/\/maderamen.com.ar\/dyf-muebles\/wp-content\/uploads\/sites\/4\/2023\/06\/logo-linea-etnia.jpg","datePublished":"2023-06-07T21:28:47+00:00","dateModified":"2026-03-25T22:15:24+00:00","description":"melamina faplac l\u00ednea \u00c9tnica: Unicolores con una textura \u00fanica. Los dise\u00f1os de esta l\u00ednea nos remiten a la tierra, a lo ancestral","breadcrumb":{"@id":"https:\/\/maderamen.com.ar\/dyf-muebles\/productos\/melamina-faplac-linea-etnica\/#breadcrumb"},"inLanguage":"es","potentialAction":[{"@type":"ReadAction","target":["https:\/\/maderamen.com.ar\/dyf-muebles\/productos\/melamina-faplac-linea-etnica\/"]}]},{"@type":"ImageObject","inLanguage":"es","@id":"https:\/\/maderamen.com.ar\/dyf-muebles\/productos\/melamina-faplac-linea-etnica\/#primaryimage","url":"https:\/\/maderamen.com.ar\/dyf-muebles\/wp-content\/uploads\/sites\/4\/2023\/06\/logo-linea-etnia.jpg","contentUrl":"https:\/\/maderamen.com.ar\/dyf-muebles\/wp-content\/uploads\/sites\/4\/2023\/06\/logo-linea-etnia.jpg","width":468,"height":504},{"@type":"BreadcrumbList","@id":"https:\/\/maderamen.com.ar\/dyf-muebles\/productos\/melamina-faplac-linea-etnica\/#breadcrumb","itemListElement":[{"@type":"ListItem","position":1,"name":"Portada","item":"https:\/\/maderamen.com.ar\/dyf-muebles\/"},{"@type":"ListItem","position":2,"name":"Melamina FAPLAC l\u00ednea \u00c9tnica"}]},{"@type":"WebSite","@id":"https:\/\/maderamen.com.ar\/dyf-muebles\/#website","url":"https:\/\/maderamen.com.ar\/dyf-muebles\/","name":"D&F Muebles","description":"Noticias sobre Dise\u00f1o y Fabricaci\u00f3n de muebles en madera","publisher":{"@id":"https:\/\/maderamen.com.ar\/dyf-muebles\/#organization"},"potentialAction":[{"@type":"SearchAction","target":{"@type":"EntryPoint","urlTemplate":"https:\/\/maderamen.com.ar\/dyf-muebles\/?s={search_term_string}"},"query-input":{"@type":"PropertyValueSpecification","valueRequired":true,"valueName":"search_term_string"}}],"inLanguage":"es"},{"@type":"Organization","@id":"https:\/\/maderamen.com.ar\/dyf-muebles\/#organization","name":"Maderamen","url":"https:\/\/maderamen.com.ar\/dyf-muebles\/","logo":{"@type":"ImageObject","inLanguage":"es","@id":"https:\/\/maderamen.com.ar\/dyf-muebles\/#\/schema\/logo\/image\/","url":"https:\/\/maderamen.com.ar\/dyf-muebles\/wp-content\/uploads\/sites\/4\/2017\/09\/logo-maderamen-s.png","contentUrl":"https:\/\/maderamen.com.ar\/dyf-muebles\/wp-content\/uploads\/sites\/4\/2017\/09\/logo-maderamen-s.png","width":250,"height":246,"caption":"Maderamen"},"image":{"@id":"https:\/\/maderamen.com.ar\/dyf-muebles\/#\/schema\/logo\/image\/"},"sameAs":["https:\/\/www.facebook.com\/Maderamen.Argentina\/","https:\/\/x.com\/DesarrolloFores","https:\/\/www.youtube.com\/channel\/UCeYU2-_JRTYYpgHoyhTT2Fg","https:\/\/www.instagram.com\/maderamen.ok\/","https:\/\/www.linkedin.com\/company\/maderameneditorial\/"]}]}},"_links":{"self":[{"href":"https:\/\/maderamen.com.ar\/dyf-muebles\/wp-json\/wp\/v2\/producto\/14619","targetHints":{"allow":["GET"]}}],"collection":[{"href":"https:\/\/maderamen.com.ar\/dyf-muebles\/wp-json\/wp\/v2\/producto"}],"about":[{"href":"https:\/\/maderamen.com.ar\/dyf-muebles\/wp-json\/wp\/v2\/types\/producto"}],"version-history":[{"count":3,"href":"https:\/\/maderamen.com.ar\/dyf-muebles\/wp-json\/wp\/v2\/producto\/14619\/revisions"}],"predecessor-version":[{"id":16774,"href":"https:\/\/maderamen.com.ar\/dyf-muebles\/wp-json\/wp\/v2\/producto\/14619\/revisions\/16774"}],"wp:featuredmedia":[{"embeddable":true,"href":"https:\/\/maderamen.com.ar\/dyf-muebles\/wp-json\/wp\/v2\/media\/14620"}],"wp:attachment":[{"href":"https:\/\/maderamen.com.ar\/dyf-muebles\/wp-json\/wp\/v2\/media?parent=14619"}],"wp:term":[{"taxonomy":"rubros","embeddable":true,"href":"https:\/\/maderamen.com.ar\/dyf-muebles\/wp-json\/wp\/v2\/rubros?post=14619"}],"curies":[{"name":"wp","href":"https:\/\/api.w.org\/{rel}","templated":true}]}}